{"id":3702,"date":"2021-08-27T21:26:07","date_gmt":"2021-08-27T19:26:07","guid":{"rendered":"https:\/\/www.greenvda.com\/restaurants-ou-manger-local\/trattoria-praetoria\/"},"modified":"2022-03-25T14:59:12","modified_gmt":"2022-03-25T13:59:12","slug":"trattoria-praetoria","status":"publish","type":"page","link":"https:\/\/www.greenvda.com\/fr\/restaurants-ou-manger-local\/trattoria-praetoria\/","title":{"rendered":"Trattoria Praetoria"},"content":{"rendered":"<p><img decoding=\"async\" src=\"\/wp-content\/uploads\/2021\/08\/trattoriaPraetoria2.jpg\" alt=\"\"><\/p>\n<div>\n<h1>Trattoria Praetoria<\/h1>\n<div>\n<div class=\"uk-divider-small uk-margin-medium-top uk-margin-medium-bottom\"><\/div>\n<p>Le restaurant se trouve\u00a0 au c\u0153ur d&rsquo;Aoste, dans l&rsquo;historique Via Sant&rsquo; Anselmo, la rue principale, non loin de l&rsquo;Arc d&rsquo;Auguste et pr\u00e8s de la Porta Pretoriana et de l&rsquo;amphith\u00e9\u00e2tre romain.<\/p>\n<p>D\u00e9j\u00e0 connu \u00e0 la fin des ann\u00e9es 1800 sous le nom de \u00ab\u00a0Locanda del Bue Rosso\u00a0\u00bb, il \u00e9tait \u00e9quip\u00e9 d&rsquo;\u00e9curies servant \u00e0 changer les chevaux des voyageurs traversant les Alpes, Entre le 1930 et le\u00a0 1970, il devient\u00a0 la \u00ab\u00a0Locanda Gaia\u00a0\u00bb.<\/p>\n<p>Point de rendez-vous du bourg pour un \u00ab verre \u00bb ou pour jouer aux cartes entre amis, l&rsquo;auberge \u00e9tait un lieu destin\u00e9 aux touristes \u00e0 la recherche d&rsquo;une chambre, certaines chambres \u00e9tant disponibles aux \u00e9tages sup\u00e9rieurs du b\u00e2timent.<\/p>\n<p>En 1989, \u00e0 la fois pour sa proximit\u00e9 avec l&rsquo;ancienne Porta Praetoria et pour c\u00e9l\u00e9brer le nom latin de la ville (Augusta Praetoria Salassorum), le local a chang\u00e9 pour la derni\u00e8re fois nom pour devenir enfin\u00a0 \u00ab\u00a0Trattoria Praetoria\u00a0\u00bb.<\/p>\n<p>Avec ses 5 salles r\u00e9parties sur deux \u00e9tages, la Trattoria peut accueillir jusqu&rsquo;\u00e0 120 couverts et, particuli\u00e8rement adapt\u00e9es aux groupes jusqu&rsquo;\u00e0 55 personnes, se trouvent les salles de l&rsquo;\u00e9tage inf\u00e9rieur: des anciennes caves enti\u00e8rement r\u00e9nov\u00e9es en toute \u00e9l\u00e9gance Vall\u00e9e d&rsquo;Aoste.<\/p>\n<p>\u00c0 l&rsquo;int\u00e9rieur, vous trouverez un environnement accueillant, rustique mais aussi moderne, o\u00f9 vous pourrez d\u00e9guster les plats typiques de la tradition vald\u00f4taine, en garantissant toujours la plus grande attention \u00e0 la qualit\u00e9 des mati\u00e8res premi\u00e8res s\u00e9lectionn\u00e9es quotidiennement par les propri\u00e9taires, \u00e0 la recherche de producteurs locaux, des fromages, des viandes et des vins d&rsquo;excellente qualit\u00e9 sans sous-estimer l&rsquo;attention port\u00e9e aux intol\u00e9rances ou allergies alimentaires.<\/p>\n<p>\u00c0 cet \u00e9gard, depuis 2017, la Trattoria Praetoria fait partie du circuit \u00ab\u00a0Manger \u00e0 l&rsquo;ext\u00e9rieur\u00a0\u00bb reconnu par l&rsquo;AiC (Association italienne de la maladie coeliaque), donc 85% des plats servis sont totalement sans gluten.<\/p>\n<h3 dir=\"ltr\">Menu degustation<\/h3>\n<p dir=\"ltr\">Menu \u00e0\u00a0 6 plats &gt; 42\u20ac par personne<br \/>typique vald\u00f4tain, eau, caf\u00e9 et couvert inclus (gluten free)<\/p>\n<p>Menu\u00a0 \u00e0 3 plats &gt; 35\u20ac par personne<br \/>typique vald\u00f4tain, eau, caf\u00e9 et couvert inclus (gluten free)\u00a0<\/p>\n<h3 dir=\"ltr\">TripAdvisor<\/h3>\n<p dir=\"ltr\" class=\"CDt4Ke zfr3Q\"><span>4,0 \/ 5.0 sur 1.250 avis<\/span><\/p>\n<p dir=\"ltr\" class=\"CDt4Ke zfr3Q\"><span>NOTES<\/span><\/p>\n<p dir=\"ltr\" class=\"CDt4Ke zfr3Q\"><span>Cuisine 4,0 \/ 5.0<br \/><\/span><span>Service 4,0 \/ 5.0<br \/><\/span>Qualit\u00e9\/prix 3,5 \/ 5.0<br \/><span>Ambiance 3,5 \/ 5.0<\/span><\/p>\n<\/div>\n<\/div>\n<ul>\n<li>\n<p>        <img decoding=\"async\" src=\"\/wp-content\/uploads\/2021\/08\/trattoriaPraetoria3.jpg\" alt=\"\"><\/p>\n<\/li>\n<li>\n<p>        <img decoding=\"async\" src=\"\/wp-content\/uploads\/2021\/08\/trattoriaPraetoria4.jpg\" alt=\"\"><\/p>\n<\/li>\n<li>\n<p>        <img decoding=\"async\" src=\"\/wp-content\/uploads\/2021\/08\/trattoriaPraetoria5.jpg\" alt=\"\"><\/p>\n<\/li>\n<li>\n<p>        <img decoding=\"async\" src=\"\/wp-content\/uploads\/2021\/08\/trattoriaPraetoria6.jpg\" alt=\"\"><\/p>\n<\/li>\n<li>\n<p>        <img decoding=\"async\" src=\"\/wp-content\/uploads\/2021\/08\/trattoriaPraetoria7.jpg\" alt=\"\"><\/p>\n<\/li>\n<li>\n<p>        <img decoding=\"async\" src=\"\/wp-content\/uploads\/2021\/08\/trattoriaPraetoria8.jpg\" alt=\"\"><\/p>\n<\/li>\n<li>\n<p>        <img decoding=\"async\" src=\"\/wp-content\/uploads\/2021\/08\/trattoriaPraetoria9.jpg\" alt=\"\"><\/p>\n<\/li>\n<\/ul>\n<p><!--more--><br \/>\n<!-- {\"name\":\"Trans Alps Adventure\",\"type\":\"layout\",\"children\":[{\"name\":\"Hero\",\"type\":\"section\",\"props\":{\"style\":\"primary\",\"width\":\"large\",\"vertical_align\":\"\",\"title_position\":\"top-left\",\"title_rotation\":\"left\",\"title_breakpoint\":\"xl\",\"image_position\":\"top-center\",\"height\":\"percent\",\"padding\":\"large\",\"image\":\"wp-content\\\/uploads\\\/2021\\\/08\\\/trattoriaPraetoria.jpg\",\"text_color\":\"light\",\"image_size\":\"cover\",\"image_effect\":\"parallax\",\"image_width\":\"2560\",\"overlap\":false,\"image_parallax_breakpoint\":\"m\",\"image_parallax_bgy_start\":\"-200\"},\"children\":[{\"name\":\"\",\"type\":\"row\",\"children\":[{\"name\":\"\",\"type\":\"column\",\"props\":{\"image_position\":\"center-center\",\"media_overlay_gradient\":\"\",\"width_medium\":\"1-1\"},\"children\":[]}]}]},{\"name\":\"About\",\"type\":\"section\",\"props\":{\"style\":\"default\",\"width\":\"xlarge\",\"vertical_align\":\"middle\",\"title_position\":\"center-right\",\"title_rotation\":\"left\",\"title_breakpoint\":\"xl\",\"image_position\":\"center-center\",\"padding\":\"none\",\"overlap\":false,\"title\":\"\",\"padding_remove_bottom\":false,\"padding_remove_top\":false},\"children\":[{\"name\":\"\",\"type\":\"row\",\"props\":{\"layout\":\"1-2,1-2\",\"match\":true,\"column_gap\":\"collapse\",\"row_gap\":\"collapse\"},\"children\":[{\"name\":\"\",\"type\":\"column\",\"props\":{\"image_position\":\"center-center\",\"vertical_align\":\"middle\",\"media_overlay_gradient\":\"\",\"width_medium\":\"1-2\"},\"children\":[{\"name\":\"\",\"type\":\"image\",\"props\":{\"margin\":\"default\",\"text_align\":\"right\",\"maxwidth\":\"xlarge\",\"animation\":\"parallax\",\"image\":\"wp-content\\\/uploads\\\/2021\\\/08\\\/trattoriaPraetoria2.jpg\",\"image_width\":\"600\",\"parallax_breakpoint\":\"m\",\"parallax_y_end\":\"-240\",\"parallax_y_start\":\"-100\",\"image_box_decoration\":\"default\",\"block_align\":\"right\",\"image_svg_color\":\"emphasis\",\"image_height\":\"700\"}}]},{\"name\":\"\",\"type\":\"column\",\"props\":{\"image_position\":\"center-center\",\"media_overlay_gradient\":\"\",\"width_medium\":\"1-2\"},\"children\":[{\"name\":\"\",\"type\":\"panel\",\"props\":{\"link_text\":\"Tariffe e galleria fotografica\",\"title_element\":\"h1\",\"meta_style\":\"meta\",\"meta_align\":\"below-title\",\"image_align\":\"top\",\"image_grid_width\":\"1-2\",\"link_style\":\"primary\",\"margin\":\"\",\"panel_style\":\"card-default\",\"panel_size\":\"large\",\"title_style\":\"h1\",\"text_align\":\"left\",\"maxwidth\":\"xlarge\",\"maxwidth_breakpoint\":\"l\",\"animation\":\"parallax\",\"title\":\"Trattoria Praetoria\",\"content\":\"\n\n<div class=\\\"uk-divider-small uk-margin-medium-top uk-margin-medium-bottom\\\"><\\\/div>\\n\n\n<p>Le restaurant se trouve\\u00a0 au c\\u0153ur d'Aoste, dans l'historique Via Sant' Anselmo, la rue principale, non loin de l'Arc d'Auguste et pr\\u00e8s de la Porta Pretoriana et de l'amphith\\u00e9\\u00e2tre romain.<\\\/p>\\n\n\n<p>D\\u00e9j\\u00e0 connu \\u00e0 la fin des ann\\u00e9es 1800 sous le nom de \\\"Locanda del Bue Rosso\\\", il \\u00e9tait \\u00e9quip\\u00e9 d'\\u00e9curies servant \\u00e0 changer les chevaux des voyageurs traversant les Alpes, Entre le 1930 et le\\u00a0 1970, il devient\\u00a0 la \\\"Locanda Gaia\\\".<\\\/p>\\n\n\n<p>Point de rendez-vous du bourg pour un \\u00ab verre \\u00bb ou pour jouer aux cartes entre amis, l'auberge \\u00e9tait un lieu destin\\u00e9 aux touristes \\u00e0 la recherche d'une chambre, certaines chambres \\u00e9tant disponibles aux \\u00e9tages sup\\u00e9rieurs du b\\u00e2timent.<\\\/p>\\n\n\n<p>En 1989, \\u00e0 la fois pour sa proximit\\u00e9 avec l'ancienne Porta Praetoria et pour c\\u00e9l\\u00e9brer le nom latin de la ville (Augusta Praetoria Salassorum), le local a chang\\u00e9 pour la derni\\u00e8re fois nom pour devenir enfin\\u00a0 \\\"Trattoria Praetoria\\\".<\\\/p>\\n\n\n<p>Avec ses 5 salles r\\u00e9parties sur deux \\u00e9tages, la Trattoria peut accueillir jusqu'\\u00e0 120 couverts et, particuli\\u00e8rement adapt\\u00e9es aux groupes jusqu'\\u00e0 55 personnes, se trouvent les salles de l'\\u00e9tage inf\\u00e9rieur: des anciennes caves enti\\u00e8rement r\\u00e9nov\\u00e9es en toute \\u00e9l\\u00e9gance Vall\\u00e9e d'Aoste.<\\\/p>\\n\n\n<p>\\u00c0 l'int\\u00e9rieur, vous trouverez un environnement accueillant, rustique mais aussi moderne, o\\u00f9 vous pourrez d\\u00e9guster les plats typiques de la tradition vald\\u00f4taine, en garantissant toujours la plus grande attention \\u00e0 la qualit\\u00e9 des mati\\u00e8res premi\\u00e8res s\\u00e9lectionn\\u00e9es quotidiennement par les propri\\u00e9taires, \\u00e0 la recherche de producteurs locaux, des fromages, des viandes et des vins d'excellente qualit\\u00e9 sans sous-estimer l'attention port\\u00e9e aux intol\\u00e9rances ou allergies alimentaires.<\\\/p>\\n\n\n<p>\\u00c0 cet \\u00e9gard, depuis 2017, la Trattoria Praetoria fait partie du circuit \\\"Manger \\u00e0 l'ext\\u00e9rieur\\\" reconnu par l'AiC (Association italienne de la maladie coeliaque), donc 85% des plats servis sont totalement sans gluten.<\\\/p>\\n\n\n<h3 dir=\\\"ltr\\\">Menu degustation<\\\/h3>\\n\n\n<p dir=\\\"ltr\\\">Menu \\u00e0\\u00a0 6 plats &gt; 42\\u20ac par personne<br \\\/>typique vald\\u00f4tain, eau, caf\\u00e9 et couvert inclus (gluten free)<br \\\/><br \\\/>Menu\\u00a0 \\u00e0 3 plats &gt; 35\\u20ac par personne<br \\\/>typique vald\\u00f4tain, eau, caf\\u00e9 et couvert inclus (gluten free)\\u00a0<\\\/p>\\n\n\n<h3 dir=\\\"ltr\\\">TripAdvisor<\\\/h3>\\n\n\n<p dir=\\\"ltr\\\" class=\\\"CDt4Ke zfr3Q\\\"><span>4,0 \\\/ 5.0 sur 1.250 avis<\\\/span><\\\/p>\\n\n\n<p dir=\\\"ltr\\\" class=\\\"CDt4Ke zfr3Q\\\"><span>NOTES<\\\/span><\\\/p>\\n\n\n<p dir=\\\"ltr\\\" class=\\\"CDt4Ke zfr3Q\\\"><span>Cuisine 4,0 \\\/ 5.0<br \\\/><\\\/span><span>Service 4,0 \\\/ 5.0<br \\\/><\\\/span>Qualit\\u00e9\\\/prix 3,5 \\\/ 5.0<br \\\/><span>Ambiance 3,5 \\\/ 5.0<\\\/span><\\\/p>\",\"parallax_breakpoint\":\"m\",\"parallax_y_start\":\"-200\",\"title_hover_style\":\"reset\",\"title_align\":\"top\",\"title_grid_width\":\"1-2\",\"image_svg_color\":\"emphasis\",\"position\":\"relative\",\"position_left\":\"-50\",\"css\":\"@media (max-width: 959px) {\\n    .el-element { position: static !important; }\\n}\",\"title_grid_breakpoint\":\"m\",\"image_grid_breakpoint\":\"m\",\"icon_width\":80,\"meta_element\":\"div\",\"content_column_breakpoint\":\"m\",\"link\":\"\",\"link_target\":true,\"meta\":\"\"}}]}]}]},{\"type\":\"section\",\"props\":{\"style\":\"default\",\"width\":\"default\",\"vertical_align\":\"middle\",\"title_position\":\"top-left\",\"title_rotation\":\"left\",\"title_breakpoint\":\"xl\",\"image_position\":\"center-center\"},\"children\":[{\"type\":\"row\",\"children\":[{\"type\":\"column\",\"props\":{\"image_position\":\"center-center\",\"media_overlay_gradient\":\"\"},\"children\":[{\"type\":\"gallery\",\"props\":{\"show_title\":true,\"show_meta\":true,\"show_content\":true,\"show_link\":true,\"show_hover_image\":true,\"grid_default\":\"1\",\"grid_medium\":\"4\",\"filter_style\":\"tab\",\"filter_all\":true,\"filter_position\":\"top\",\"filter_align\":\"left\",\"filter_grid_width\":\"auto\",\"filter_grid_breakpoint\":\"m\",\"overlay_mode\":\"cover\",\"overlay_hover\":true,\"overlay_style\":\"\",\"text_color\":\"light\",\"overlay_position\":\"center\",\"overlay_transition\":\"fade\",\"title_hover_style\":\"reset\",\"title_element\":\"h3\",\"meta_style\":\"meta\",\"meta_align\":\"below-title\",\"meta_element\":\"div\",\"link_text\":\"Fai click\",\"link_style\":\"\",\"text_align\":\"center\",\"margin\":\"default\",\"item_animation\":true,\"lightbox\":true,\"title_display\":\"lightbox\",\"content_display\":\"lightbox\",\"lightbox_image_orientation\":false,\"lightbox_image_width\":\"\",\"lightbox_image_height\":\"\",\"image_width\":\"400\",\"image_height\":\"400\"},\"children\":[{\"type\":\"gallery_item\",\"props\":{\"image\":\"wp-content\\\/uploads\\\/2021\\\/08\\\/trattoriaPraetoria3.jpg\"}},{\"type\":\"gallery_item\",\"props\":{\"image\":\"wp-content\\\/uploads\\\/2021\\\/08\\\/trattoriaPraetoria4.jpg\"}},{\"type\":\"gallery_item\",\"props\":{\"image\":\"wp-content\\\/uploads\\\/2021\\\/08\\\/trattoriaPraetoria5.jpg\"}},{\"type\":\"gallery_item\",\"props\":{\"image\":\"wp-content\\\/uploads\\\/2021\\\/08\\\/trattoriaPraetoria6.jpg\"}},{\"type\":\"gallery_item\",\"props\":{\"image\":\"wp-content\\\/uploads\\\/2021\\\/08\\\/trattoriaPraetoria7.jpg\"}},{\"type\":\"gallery_item\",\"props\":{\"image\":\"wp-content\\\/uploads\\\/2021\\\/08\\\/trattoriaPraetoria8.jpg\"}},{\"type\":\"gallery_item\",\"props\":{\"image\":\"wp-content\\\/uploads\\\/2021\\\/08\\\/trattoriaPraetoria9.jpg\"}}]}]}]}]}],\"version\":\"2.5.9\"} --><\/p>\n","protected":false},"excerpt":{"rendered":"<p>Trattoria Praetoria Le restaurant se trouve\u00a0 au c\u0153ur d&rsquo;Aoste, dans l&rsquo;historique Via Sant&rsquo; Anselmo, la rue principale, non loin de l&rsquo;Arc d&rsquo;Auguste et pr\u00e8s de la Porta Pretoriana et de l&rsquo;amphith\u00e9\u00e2tre romain. D\u00e9j\u00e0 connu \u00e0 la fin des ann\u00e9es 1800 sous le nom de \u00ab\u00a0Locanda del Bue Rosso\u00a0\u00bb, il \u00e9tait \u00e9quip\u00e9 d&rsquo;\u00e9curies servant \u00e0 changer [&hellip;]<\/p>\n","protected":false},"author":1,"featured_media":0,"parent":2617,"menu_order":0,"comment_status":"closed","ping_status":"closed","template":"","meta":{"_seopress_robots_primary_cat":"","_seopress_titles_title":"Trattoria Praetoria | Green Experience Vall\u00e9e d&#039;Aoste","_seopress_titles_desc":"Nel cuore di Aosta, nella storica via Sant Anselmo, non distante dall\u2019Arco di Augusto e vicino alla Porta Pretoriana e all\u2019anfiteatro romano, c&#039;\u00e8 la Trattoria Praetoria.","_seopress_robots_index":"","footnotes":""},"class_list":["post-3702","page","type-page","status-publish","hentry"],"_links":{"self":[{"href":"https:\/\/www.greenvda.com\/fr\/wp-json\/wp\/v2\/pages\/3702","targetHints":{"allow":["GET"]}}],"collection":[{"href":"https:\/\/www.greenvda.com\/fr\/wp-json\/wp\/v2\/pages"}],"about":[{"href":"https:\/\/www.greenvda.com\/fr\/wp-json\/wp\/v2\/types\/page"}],"author":[{"embeddable":true,"href":"https:\/\/www.greenvda.com\/fr\/wp-json\/wp\/v2\/users\/1"}],"replies":[{"embeddable":true,"href":"https:\/\/www.greenvda.com\/fr\/wp-json\/wp\/v2\/comments?post=3702"}],"version-history":[{"count":3,"href":"https:\/\/www.greenvda.com\/fr\/wp-json\/wp\/v2\/pages\/3702\/revisions"}],"predecessor-version":[{"id":3886,"href":"https:\/\/www.greenvda.com\/fr\/wp-json\/wp\/v2\/pages\/3702\/revisions\/3886"}],"up":[{"embeddable":true,"href":"https:\/\/www.greenvda.com\/fr\/wp-json\/wp\/v2\/pages\/2617"}],"wp:attachment":[{"href":"https:\/\/www.greenvda.com\/fr\/wp-json\/wp\/v2\/media?parent=3702"}],"curies":[{"name":"wp","href":"https:\/\/api.w.org\/{rel}","templated":true}]}}