{"id":2617,"date":"2021-09-01T09:56:46","date_gmt":"2021-09-01T07:56:46","guid":{"rendered":"https:\/\/www.greenvda.com\/ristoranti-a-km-0\/"},"modified":"2022-02-10T12:15:11","modified_gmt":"2022-02-10T11:15:11","slug":"restaurants-ou-manger-local","status":"publish","type":"page","link":"https:\/\/www.greenvda.com\/fr\/restaurants-ou-manger-local\/","title":{"rendered":"Restaurants o\u00f9 manger local"},"content":{"rendered":"<h1>Restaurants o\u00f9 manger local<\/h1>\n<div>\n<p>Produits s\u00e9lectionn\u00e9s et cuisin\u00e9s par les mains savantes des chefs vald\u00f4tains<\/p>\n<\/div>\n<ul>\n<li>\n<p>        <img decoding=\"async\" src=\"\/wp-content\/uploads\/2021\/09\/stefenelliDesk.jpg\" alt=\"\"><\/p>\n<h2>Stefenelli Desk<\/h2>\n<p>Aoste &#8211; Chef Marco Stefenelli<\/p>\n<div>\n<p>Menu d\u00e9gustation\u00a0 \u00e0 partir de 40\u20ac par personne<\/p>\n<\/div>\n<p><a href=\"\/fr\/restaurants-ou-manger-local\/stefenelli-desk\/\">En savoir plus<\/a><\/p>\n<\/li>\n<li>\n<p>        <img decoding=\"async\" src=\"\/wp-content\/uploads\/2021\/09\/ristorantikm0.jpg\" alt=\"\"><\/p>\n<h2>Lou Ressignon<\/h2>\n<p>Cogne &#8211; Chef Davide Allera<\/p>\n<div>\n<p>Menu d\u00e9gustation \u00e0 partir de 35\u20ac par personne<\/p>\n<\/div>\n<p><a href=\"\/fr\/restaurants-ou-manger-local\/lou-ressignon\/\">En savoir plus<\/a><\/p>\n<\/li>\n<li>\n<p>        <img decoding=\"async\" src=\"\/wp-content\/uploads\/2021\/08\/trattoriaPraetoria2.jpg\" alt=\"\"><\/p>\n<h2>Trattoria Preatoria<\/h2>\n<p>Aoste &#8211; Chef Michele Bosonin<\/p>\n<div>\n<div jscontroller=\"Ae65rd\" jsaction=\"touchstart:UrsOsc; click:KjsqPd; focusout:QZoaZ; mouseover:y0pDld; mouseout:dq0hvd;fv1Rjc:jbFSOd;CrfLRd:SzACGe;\" class=\"CjVfdc\"><span>Menu d\u00e9gustation \u00e0 partir de 35\u20ac par personne<\/span><\/div>\n<\/div>\n<p><a href=\"\/fr\/restaurants-ou-manger-local\/trattoria-praetoria\/\">En savoir plus<\/a><\/p>\n<\/li>\n<\/ul>\n<p><!--more--><br \/>\n<!-- {\"name\":\"Post Index\",\"type\":\"layout\",\"children\":[{\"name\":\"Hero\",\"type\":\"section\",\"props\":{\"width\":\"large\",\"padding\":\"small\",\"style\":\"primary\",\"media\":\"images\\\/press-header.jpg\",\"media_advanced\":true,\"media_size\":\"cover\",\"media_background\":\"#fff\",\"height_viewport\":false,\"image_size\":\"cover\",\"vertical_align\":\"\",\"title_position\":\"top-left\",\"title_rotation\":\"left\",\"title_breakpoint\":\"xl\",\"image_position\":\"bottom-center\",\"image\":\"\",\"image_effect\":\"parallax\",\"image_width\":\"2560\",\"overlap\":false},\"children\":[{\"name\":\"\",\"type\":\"row\",\"children\":[{\"name\":\"\",\"type\":\"column\",\"props\":{\"image_position\":\"center-center\",\"width_medium\":\"1-1\",\"media_overlay_gradient\":\"\"},\"children\":[{\"name\":\"\",\"type\":\"headline\",\"props\":{\"title_element\":\"h1\",\"title_style\":\"heading-xlarge\",\"text_align\":\"left\",\"animation\":\"none\",\"content\":\"Restaurants o\\u00f9 manger local\",\"margin_remove_top\":true,\"parallax_breakpoint\":\"m\",\"parallax_y_start\":\"50\"}},{\"name\":\"\",\"type\":\"text\",\"props\":{\"column_breakpoint\":\"m\",\"text_align\":\"left\",\"maxwidth\":\"xlarge\",\"margin\":\"\",\"animation\":\"none\",\"content\":\"\n\n<p>Produits s\\u00e9lectionn\\u00e9s et cuisin\\u00e9s par les mains savantes des chefs vald\\u00f4tains<\\\/p>\",\"parallax_breakpoint\":\"m\",\"parallax_y_start\":\"50\"}}]}]},{\"type\":\"row\",\"children\":[{\"type\":\"column\",\"props\":{\"image_position\":\"center-center\",\"media_overlay_gradient\":\"\"},\"children\":[]}]}]},{\"type\":\"section\",\"props\":{\"style\":\"default\",\"width\":\"large\",\"vertical_align\":\"middle\",\"title_position\":\"top-left\",\"title_rotation\":\"left\",\"title_breakpoint\":\"xl\",\"image_position\":\"center-center\"},\"children\":[{\"type\":\"row\",\"children\":[{\"type\":\"column\",\"props\":{\"image_position\":\"center-center\",\"media_overlay_gradient\":\"\"},\"children\":[{\"type\":\"grid\",\"props\":{\"show_title\":true,\"show_meta\":true,\"show_content\":true,\"show_image\":true,\"show_link\":true,\"grid_default\":\"1\",\"grid_medium\":\"3\",\"filter_style\":\"tab\",\"filter_all\":true,\"filter_position\":\"top\",\"filter_align\":\"left\",\"filter_grid_width\":\"auto\",\"filter_grid_breakpoint\":\"m\",\"title_hover_style\":\"reset\",\"title_element\":\"h2\",\"title_align\":\"top\",\"title_grid_width\":\"1-2\",\"title_grid_breakpoint\":\"m\",\"meta_style\":\"h5\",\"meta_align\":\"below-title\",\"meta_element\":\"div\",\"content_column_breakpoint\":\"m\",\"icon_width\":80,\"image_align\":\"top\",\"image_grid_width\":\"1-2\",\"image_grid_breakpoint\":\"m\",\"image_svg_color\":\"emphasis\",\"link_text\":\"Scopri di pi\\u00f9\",\"link_style\":\"primary\",\"margin\":\"default\",\"item_animation\":true,\"grid_column_gap\":\"large\",\"grid_row_gap\":\"large\",\"title_link\":true,\"image_link\":true,\"link_margin\":\"small\",\"title_margin\":\"medium\",\"grid_masonry\":true,\"grid_parallax\":\"0\",\"content_align\":false,\"image_width\":\"900\",\"title_style\":\"h3\",\"content_margin\":\"remove\",\"image_height\":\"900\"},\"children\":[{\"type\":\"grid_item\",\"props\":{\"meta\":\"Aoste - Chef Marco Stefenelli\",\"content\":\"\n\n<p>Menu d\\u00e9gustation\\u00a0 \\u00e0 partir de 40\\u20ac par personne<\\\/p>\",\"image\":\"wp-content\\\/uploads\\\/2021\\\/09\\\/stefenelliDesk.jpg\",\"image_alt\":\"\",\"link\":\"fr\\\/restaurants-ou-manger-local\\\/stefenelli-desk\\\/\",\"title\":\"Stefenelli Desk\",\"link_text\":\"En savoir plus\"},\"source\":{\"props\":{\"_condition\":{\"filters\":{\"condition\":\"!!\"},\"arguments\":{\"show_intro_text\":true},\"name\":\"content\"}}}},{\"type\":\"grid_item\",\"props\":{\"meta\":\"Cogne - Chef Davide Allera\",\"content\":\"\n\n<p>Menu d\\u00e9gustation \\u00e0 partir de 35\\u20ac par personne<\\\/p>\",\"image\":\"wp-content\\\/uploads\\\/2021\\\/09\\\/ristorantikm0.jpg\",\"image_alt\":\"\",\"link\":\"fr\\\/restaurants-ou-manger-local\\\/lou-ressignon\\\/\",\"title\":\"Lou Ressignon\",\"link_text\":\"En savoir plus\"},\"source\":{\"props\":{\"_condition\":{\"filters\":{\"condition\":\"!!\"},\"arguments\":{\"show_intro_text\":true},\"name\":\"content\"}}}},{\"type\":\"grid_item\",\"props\":{\"meta\":\"Aoste - Chef Michele Bosonin\",\"content\":\"\n\n<div jscontroller=\\\"Ae65rd\\\" jsaction=\\\"touchstart:UrsOsc; click:KjsqPd; focusout:QZoaZ; mouseover:y0pDld; mouseout:dq0hvd;fv1Rjc:jbFSOd;CrfLRd:SzACGe;\\\" class=\\\"CjVfdc\\\"><span>Menu d\\u00e9gustation \\u00e0 partir de 35\\u20ac par personne<\\\/span><\\\/div>\",\"image\":\"wp-content\\\/uploads\\\/2021\\\/08\\\/trattoriaPraetoria2.jpg\",\"image_alt\":\"\",\"link\":\"fr\\\/restaurants-ou-manger-local\\\/trattoria-praetoria\\\/\",\"title\":\"Trattoria Preatoria\",\"link_text\":\"En savoir plus\"},\"source\":{\"props\":{\"_condition\":{\"filters\":{\"condition\":\"!!\"},\"arguments\":{\"show_intro_text\":true},\"name\":\"content\"}}}}]}]}]}],\"name\":\"Posts\"}],\"version\":\"2.5.9\"} --><\/p>\n","protected":false},"excerpt":{"rendered":"<p>Restaurants o\u00f9 manger local Produits s\u00e9lectionn\u00e9s et cuisin\u00e9s par les mains savantes des chefs vald\u00f4tains Stefenelli Desk Aoste &#8211; Chef Marco Stefenelli Menu d\u00e9gustation\u00a0 \u00e0 partir de 40\u20ac par personne En savoir plus Lou Ressignon Cogne &#8211; Chef Davide Allera Menu d\u00e9gustation \u00e0 partir de 35\u20ac par personne En savoir plus Trattoria Preatoria Aoste &#8211; [&hellip;]<\/p>\n","protected":false},"author":1,"featured_media":0,"parent":0,"menu_order":0,"comment_status":"closed","ping_status":"closed","template":"","meta":{"_seopress_robots_primary_cat":"","_seopress_titles_title":"Ristoranti a KM 0 | Green Experience Vall\u00e9e d&#039;Aoste","_seopress_titles_desc":"In questa sezione troverete i ristoranti o trattorie della Valle d\u2019Aosta selezionate da Green Vall\u00e9e d\u2019Aoste per farvi immergere nei deliziosi menu tipici valdostani.","_seopress_robots_index":"","footnotes":""},"class_list":["post-2617","page","type-page","status-publish","hentry"],"_links":{"self":[{"href":"https:\/\/www.greenvda.com\/fr\/wp-json\/wp\/v2\/pages\/2617","targetHints":{"allow":["GET"]}}],"collection":[{"href":"https:\/\/www.greenvda.com\/fr\/wp-json\/wp\/v2\/pages"}],"about":[{"href":"https:\/\/www.greenvda.com\/fr\/wp-json\/wp\/v2\/types\/page"}],"author":[{"embeddable":true,"href":"https:\/\/www.greenvda.com\/fr\/wp-json\/wp\/v2\/users\/1"}],"replies":[{"embeddable":true,"href":"https:\/\/www.greenvda.com\/fr\/wp-json\/wp\/v2\/comments?post=2617"}],"version-history":[{"count":10,"href":"https:\/\/www.greenvda.com\/fr\/wp-json\/wp\/v2\/pages\/2617\/revisions"}],"predecessor-version":[{"id":3707,"href":"https:\/\/www.greenvda.com\/fr\/wp-json\/wp\/v2\/pages\/2617\/revisions\/3707"}],"wp:attachment":[{"href":"https:\/\/www.greenvda.com\/fr\/wp-json\/wp\/v2\/media?parent=2617"}],"curies":[{"name":"wp","href":"https:\/\/api.w.org\/{rel}","templated":true}]}}