{"id":2495,"date":"2021-08-27T20:37:10","date_gmt":"2021-08-27T18:37:10","guid":{"rendered":"https:\/\/www.greenvda.com\/maison-agricoles\/au-potager-de-grand-mere\/"},"modified":"2022-02-01T14:51:20","modified_gmt":"2022-02-01T13:51:20","slug":"au-potager-de-grand-mere","status":"publish","type":"page","link":"https:\/\/www.greenvda.com\/fr\/maison-agricoles\/au-potager-de-grand-mere\/","title":{"rendered":"Au potager de Grand M\u00e8re"},"content":{"rendered":"<p><img decoding=\"async\" src=\"\/wp-content\/uploads\/2021\/08\/auPotageGrandMere11.jpg\" alt=\"\"><\/p>\n<div>\n<h1>Au Potager de Grand-m\u00e8re<\/h1>\n<p>Les Cretes 11, 11020 F\u00e9nis AO, Italia<\/p>\n<div>\n<div class=\"uk-divider-small uk-margin-medium-top uk-margin-medium-bottom\"><\/div>\n<h3>Le jardin potager de montagne<strong><br \/><\/strong><\/h3>\n<p><span style=\"font-weight: 400;\">L\u2019exploitation agricole de Mattia Nicoletta, essentiellement horticole, se trouve \u00e0 F\u00e9nis (\u00e0 541 m\u00e8tres d\u2019altitude, basse montagne ou axe central). Le nom est naturellement li\u00e9 au potager de la grand-m\u00e8re de la famille ; il souligne le lien important avec la terre et \u00e9voque les saveurs anciennes des produits du potager. La maison vend directement ses produits horticoles frais, aussi bien sur place que sur les march\u00e9s. Elle propose aussi les \u0153ufs de ses poules \u00e9lev\u00e9es au sol. La surface utilis\u00e9e est de 40.000 m\u00e8tres carr\u00e9s environ, dont pr\u00e8s de 3.000 sont consacr\u00e9s aux cultures sous serre. Le Potager de Grand-m\u00e8re se trouve dans une zone Natura 2000 (ZPS Mont Avic et Mont Emilius).<\/span><\/p>\n<h3>Exp\u00e9rience<\/h3>\n<p><span style=\"font-weight: 400;\">La visite vous fera d\u00e9couvrir un jardin potager de montagne, o\u00f9 le climat, la difficult\u00e9 li\u00e9e au relief, l\u2019altitude et l\u2019irrigation constituent des d\u00e9fis quotidiens. Un jardin potager d\u00e9sherb\u00e9 m\u00e9caniquement, o\u00f9 chaque l\u00e9gume est une victoire\u00a0: les \u00ab\u00a0jardins potagers\u00a0\u00bb font depuis toujours la fiert\u00e9 des montagnards. Alessio et Mattia vous raconteront le travail de la terre, vous feront retrouver les go\u00fbts et les parfums d\u2019antan et vous accompagneront \u00e0 la d\u00e9couverte de leurs serres, de leur poulailler et de leurs arbres fruitiers.<\/span><\/p>\n<p>Visite pour adultes et enfants. R\u00e9servation obligatoire<\/p>\n<h3>Meeting point<\/h3>\n<p dir=\"ltr\" class=\"CDt4Ke zfr3Q\"><span>Les Cretes 11 \u2013 11020 F\u00e9nis (AO)<\/span><\/p>\n<h3>Jour et horarire de l&rsquo;exp\u00e9rience<\/h3>\n<p>Dimanche 15.00<br \/>Dur\u00e9e 1 heure<\/p>\n<h3>Prix<\/h3>\n<p>15,00\u20ac par personne<br \/>Enfants gratuits jusqu&rsquo;\u00e0 10 ans<\/p>\n<\/div>\n<\/div>\n<ul>\n<li>\n<p>        <img decoding=\"async\" src=\"\/wp-content\/uploads\/2021\/08\/auPotageGrandMere8.jpg\" alt=\"\"><\/p>\n<\/li>\n<li>\n<p>        <img decoding=\"async\" src=\"\/wp-content\/uploads\/2021\/08\/auPotageGrandMere9.jpg\" alt=\"\"><\/p>\n<\/li>\n<li>\n<p>        <img decoding=\"async\" src=\"\/wp-content\/uploads\/2021\/08\/auPotageGrandMere12.jpg\" alt=\"\"><\/p>\n<\/li>\n<li>\n<p>        <img decoding=\"async\" src=\"\/wp-content\/uploads\/2021\/08\/auPotageGrandMere3.jpg\" alt=\"\"><\/p>\n<\/li>\n<li>\n<p>        <img decoding=\"async\" src=\"\/wp-content\/uploads\/2021\/08\/auPotageGrandMere4.jpg\" alt=\"\"><\/p>\n<\/li>\n<li>\n<p>        <img decoding=\"async\" src=\"\/wp-content\/uploads\/2021\/08\/auPotageGrandMere5.jpg\" alt=\"\"><\/p>\n<\/li>\n<li>\n<p>        <img decoding=\"async\" src=\"\/wp-content\/uploads\/2021\/08\/auPotageGrandMere6.jpg\" alt=\"\"><\/p>\n<\/li>\n<li>\n<p>        <img decoding=\"async\" src=\"\/wp-content\/uploads\/2021\/08\/auPotageGrandMere7.jpg\" alt=\"\"><\/p>\n<\/li>\n<\/ul>\n<div>\n<p>    <iframe src=\"https:\/\/www.google.com\/maps\/embed?pb=!1m14!1m8!1m3!1d5568.981770043523!2d7.493833!3d45.741304!3m2!1i1024!2i768!4f13.1!3m3!1m2!1s0x0%3A0x514410de28509c15!2sAz.%20Agr.%20%22Au%20potager%20de%20grand-m%C3%A8re%22!5e0!3m2!1sit!2sus!4v1630089792453!5m2!1sit!2sus\" width=\"100%\" height=\"450\" style=\"border:0;\" allowfullscreen=\"\" loading=\"lazy\"><\/iframe>\n<\/div>\n<p><!--more--><br \/>\n<!-- {\"name\":\"Trans Alps Adventure\",\"type\":\"layout\",\"children\":[{\"name\":\"Hero\",\"type\":\"section\",\"props\":{\"style\":\"primary\",\"width\":\"large\",\"vertical_align\":\"\",\"title_position\":\"top-left\",\"title_rotation\":\"left\",\"title_breakpoint\":\"xl\",\"image_position\":\"top-center\",\"height\":\"percent\",\"padding\":\"large\",\"image\":\"wp-content\\\/uploads\\\/2021\\\/08\\\/auPotageGrandMere.jpg\",\"text_color\":\"light\",\"image_size\":\"cover\",\"image_effect\":\"parallax\",\"image_width\":\"2560\",\"overlap\":false,\"image_parallax_breakpoint\":\"m\",\"image_parallax_bgy_start\":\"-200\"},\"children\":[{\"name\":\"\",\"type\":\"row\",\"children\":[{\"name\":\"\",\"type\":\"column\",\"props\":{\"image_position\":\"center-center\",\"media_overlay_gradient\":\"\",\"width_medium\":\"1-1\"},\"children\":[]}]}]},{\"name\":\"About\",\"type\":\"section\",\"props\":{\"style\":\"default\",\"width\":\"xlarge\",\"vertical_align\":\"middle\",\"title_position\":\"center-right\",\"title_rotation\":\"left\",\"title_breakpoint\":\"xl\",\"image_position\":\"center-center\",\"padding\":\"none\",\"overlap\":false,\"title\":\"\",\"padding_remove_bottom\":false,\"padding_remove_top\":false},\"children\":[{\"name\":\"\",\"type\":\"row\",\"props\":{\"layout\":\"1-2,1-2\",\"match\":true,\"column_gap\":\"collapse\",\"row_gap\":\"collapse\"},\"children\":[{\"name\":\"\",\"type\":\"column\",\"props\":{\"image_position\":\"center-center\",\"vertical_align\":\"middle\",\"media_overlay_gradient\":\"\",\"width_medium\":\"1-2\"},\"children\":[{\"name\":\"\",\"type\":\"image\",\"props\":{\"margin\":\"default\",\"text_align\":\"right\",\"maxwidth\":\"xlarge\",\"animation\":\"parallax\",\"image\":\"wp-content\\\/uploads\\\/2021\\\/08\\\/auPotageGrandMere11.jpg\",\"image_width\":\"600\",\"parallax_breakpoint\":\"m\",\"parallax_y_end\":\"-240\",\"parallax_y_start\":\"-100\",\"image_box_decoration\":\"default\",\"block_align\":\"right\",\"image_svg_color\":\"emphasis\",\"image_height\":\"700\"}}]},{\"name\":\"\",\"type\":\"column\",\"props\":{\"image_position\":\"center-center\",\"media_overlay_gradient\":\"\",\"width_medium\":\"1-2\"},\"children\":[{\"name\":\"\",\"type\":\"panel\",\"props\":{\"link_text\":\"Tariffe e galleria fotografica\",\"title_element\":\"h1\",\"meta_style\":\"meta\",\"meta_align\":\"below-title\",\"image_align\":\"top\",\"image_grid_width\":\"1-2\",\"link_style\":\"primary\",\"margin\":\"\",\"panel_style\":\"card-default\",\"panel_size\":\"large\",\"title_style\":\"h1\",\"text_align\":\"left\",\"maxwidth\":\"xlarge\",\"maxwidth_breakpoint\":\"l\",\"animation\":\"parallax\",\"title\":\"Au Potager de Grand-m\\u00e8re\",\"content\":\"\n\n<div class=\\\"uk-divider-small uk-margin-medium-top uk-margin-medium-bottom\\\"><\\\/div>\\n\n\n<h3>Le jardin potager de montagne<strong><br \\\/><\\\/strong><\\\/h3>\\n\n\n<p><span style=\\\"font-weight: 400;\\\">L\\u2019exploitation agricole de Mattia Nicoletta, essentiellement horticole, se trouve \\u00e0 F\\u00e9nis (\\u00e0 541 m\\u00e8tres d\\u2019altitude, basse montagne ou axe central). Le nom est naturellement li\\u00e9 au potager de la grand-m\\u00e8re de la famille ; il souligne le lien important avec la terre et \\u00e9voque les saveurs anciennes des produits du potager. La maison vend directement ses produits horticoles frais, aussi bien sur place que sur les march\\u00e9s. Elle propose aussi les \\u0153ufs de ses poules \\u00e9lev\\u00e9es au sol. La surface utilis\\u00e9e est de 40.000 m\\u00e8tres carr\\u00e9s environ, dont pr\\u00e8s de 3.000 sont consacr\\u00e9s aux cultures sous serre. Le Potager de Grand-m\\u00e8re se trouve dans une zone Natura 2000 (ZPS Mont Avic et Mont Emilius).<\\\/span><\\\/p>\\n\n\n<h3>Exp\\u00e9rience<\\\/h3>\\n\n\n<p><span style=\\\"font-weight: 400;\\\">La visite vous fera d\\u00e9couvrir un jardin potager de montagne, o\\u00f9 le climat, la difficult\\u00e9 li\\u00e9e au relief, l\\u2019altitude et l\\u2019irrigation constituent des d\\u00e9fis quotidiens. Un jardin potager d\\u00e9sherb\\u00e9 m\\u00e9caniquement, o\\u00f9 chaque l\\u00e9gume est une victoire\\u00a0: les \\u00ab\\u00a0jardins potagers\\u00a0\\u00bb font depuis toujours la fiert\\u00e9 des montagnards. Alessio et Mattia vous raconteront le travail de la terre, vous feront retrouver les go\\u00fbts et les parfums d\\u2019antan et vous accompagneront \\u00e0 la d\\u00e9couverte de leurs serres, de leur poulailler et de leurs arbres fruitiers.<\\\/span><\\\/p>\\n\n\n<p>Visite pour adultes et enfants. R\\u00e9servation obligatoire<\\\/p>\\n\n\n<h3>Meeting point<\\\/h3>\\n\n\n<p dir=\\\"ltr\\\" class=\\\"CDt4Ke zfr3Q\\\"><span>Les Cretes 11 \\u2013 11020 F\\u00e9nis (AO)<\\\/span><\\\/p>\\n\n\n<h3>Jour et horarire de l'exp\\u00e9rience<\\\/h3>\\n\n\n<p>Dimanche 15.00<br \\\/>Dur\\u00e9e 1 heure<\\\/p>\\n\n\n<h3>Prix<\\\/h3>\\n\n\n<p>15,00\\u20ac par personne<br \\\/>Enfants gratuits jusqu'\\u00e0 10 ans<\\\/p>\",\"parallax_breakpoint\":\"m\",\"parallax_y_start\":\"-200\",\"title_hover_style\":\"reset\",\"title_align\":\"top\",\"title_grid_width\":\"1-2\",\"image_svg_color\":\"emphasis\",\"position\":\"relative\",\"position_left\":\"-50\",\"css\":\"@media (max-width: 959px) {\\n    .el-element { position: static !important; }\\n}\",\"title_grid_breakpoint\":\"m\",\"image_grid_breakpoint\":\"m\",\"icon_width\":80,\"meta_element\":\"div\",\"content_column_breakpoint\":\"m\",\"link\":\"\",\"link_target\":true,\"meta\":\"Les Cretes 11, 11020 F\\u00e9nis AO, Italia\"}}]}]}]},{\"type\":\"section\",\"props\":{\"style\":\"default\",\"width\":\"default\",\"vertical_align\":\"middle\",\"title_position\":\"top-left\",\"title_rotation\":\"left\",\"title_breakpoint\":\"xl\",\"image_position\":\"center-center\"},\"children\":[{\"type\":\"row\",\"children\":[{\"type\":\"column\",\"props\":{\"image_position\":\"center-center\",\"media_overlay_gradient\":\"\"},\"children\":[{\"type\":\"gallery\",\"props\":{\"show_title\":true,\"show_meta\":true,\"show_content\":true,\"show_link\":true,\"show_hover_image\":true,\"grid_default\":\"1\",\"grid_medium\":\"4\",\"filter_style\":\"tab\",\"filter_all\":true,\"filter_position\":\"top\",\"filter_align\":\"left\",\"filter_grid_width\":\"auto\",\"filter_grid_breakpoint\":\"m\",\"overlay_mode\":\"cover\",\"overlay_hover\":true,\"overlay_style\":\"\",\"text_color\":\"light\",\"overlay_position\":\"center\",\"overlay_transition\":\"fade\",\"title_hover_style\":\"reset\",\"title_element\":\"h3\",\"meta_style\":\"meta\",\"meta_align\":\"below-title\",\"meta_element\":\"div\",\"link_text\":\"Fai click\",\"link_style\":\"\",\"text_align\":\"center\",\"margin\":\"default\",\"item_animation\":true,\"lightbox\":true,\"title_display\":\"lightbox\",\"content_display\":\"lightbox\",\"lightbox_image_orientation\":false,\"lightbox_image_width\":\"\",\"lightbox_image_height\":\"\",\"image_width\":\"400\",\"image_height\":\"400\"},\"children\":[{\"type\":\"gallery_item\",\"props\":{\"image\":\"wp-content\\\/uploads\\\/2021\\\/08\\\/auPotageGrandMere8.jpg\"}},{\"type\":\"gallery_item\",\"props\":{\"image\":\"wp-content\\\/uploads\\\/2021\\\/08\\\/auPotageGrandMere9.jpg\"}},{\"type\":\"gallery_item\",\"props\":{\"image\":\"wp-content\\\/uploads\\\/2021\\\/08\\\/auPotageGrandMere12.jpg\"}},{\"type\":\"gallery_item\",\"props\":{\"image\":\"wp-content\\\/uploads\\\/2021\\\/08\\\/auPotageGrandMere3.jpg\"}},{\"type\":\"gallery_item\",\"props\":{\"image\":\"wp-content\\\/uploads\\\/2021\\\/08\\\/auPotageGrandMere4.jpg\"}},{\"type\":\"gallery_item\",\"props\":{\"image\":\"wp-content\\\/uploads\\\/2021\\\/08\\\/auPotageGrandMere5.jpg\"}},{\"type\":\"gallery_item\",\"props\":{\"image\":\"wp-content\\\/uploads\\\/2021\\\/08\\\/auPotageGrandMere6.jpg\"}},{\"type\":\"gallery_item\",\"props\":{\"image\":\"wp-content\\\/uploads\\\/2021\\\/08\\\/auPotageGrandMere7.jpg\"}}]}]}]}]},{\"name\":\"Map\",\"type\":\"section\",\"props\":{\"style\":\"default\",\"width\":\"\",\"vertical_align\":\"middle\",\"title_position\":\"top-left\",\"title_rotation\":\"left\",\"title_breakpoint\":\"xl\",\"image_position\":\"center-center\",\"padding_remove_top\":false,\"padding_remove_bottom\":true,\"overlap\":false,\"id\":\"map\"},\"children\":[{\"name\":\"\",\"type\":\"row\",\"props\":{\"width\":\"large\",\"margin\":\"remove-vertical\"},\"children\":[{\"name\":\"\",\"type\":\"column\",\"props\":{\"image_position\":\"center-center\",\"css\":\"@media (min-width: 960px) {\\n    \\n    .el-column { z-index: 2; }\\n    \\n}\",\"media_overlay_gradient\":\"\",\"width_medium\":\"1-1\"},\"children\":[]}]},{\"name\":\"\",\"type\":\"row\",\"props\":{\"margin\":\"default\",\"margin_remove_bottom\":false},\"children\":[{\"name\":\"\",\"type\":\"column\",\"props\":{\"image_position\":\"center-center\",\"media_overlay_gradient\":\"\",\"width_medium\":\"1-1\"},\"children\":[{\"type\":\"html\",\"props\":{\"content\":\"<iframe src=\\\"https:\\\/\\\/www.google.com\\\/maps\\\/embed?pb=!1m14!1m8!1m3!1d5568.981770043523!2d7.493833!3d45.741304!3m2!1i1024!2i768!4f13.1!3m3!1m2!1s0x0%3A0x514410de28509c15!2sAz.%20Agr.%20%22Au%20potager%20de%20grand-m%C3%A8re%22!5e0!3m2!1sit!2sus!4v1630089792453!5m2!1sit!2sus\\\" width=\\\"100%\\\" height=\\\"450\\\" style=\\\"border:0;\\\" allowfullscreen=\\\"\\\" loading=\\\"lazy\\\"><\\\/iframe>\"}}]}]}]}],\"version\":\"2.5.9\"} --><\/p>\n","protected":false},"excerpt":{"rendered":"<p>Au Potager de Grand-m\u00e8re Les Cretes 11, 11020 F\u00e9nis AO, Italia Le jardin potager de montagne L\u2019exploitation agricole de Mattia Nicoletta, essentiellement horticole, se trouve \u00e0 F\u00e9nis (\u00e0 541 m\u00e8tres d\u2019altitude, basse montagne ou axe central). Le nom est naturellement li\u00e9 au potager de la grand-m\u00e8re de la famille ; il souligne le lien important [&hellip;]<\/p>\n","protected":false},"author":1,"featured_media":0,"parent":2485,"menu_order":0,"comment_status":"closed","ping_status":"closed","template":"","meta":{"_seopress_robots_primary_cat":"","_seopress_titles_title":"Au potager de Grand M\u00e8re | Green Experience Vall\u00e9e d&#039;Aoste","_seopress_titles_desc":"L&#039;azienda agricola di Mattia Nicoletta, principalmente ad indirizzo orticolo, \u00e8 un luogo dove il clima, la difficolt\u00e0 del terreno e altro sono sfide quotidiane.","_seopress_robots_index":"","footnotes":""},"class_list":["post-2495","page","type-page","status-publish","hentry"],"_links":{"self":[{"href":"https:\/\/www.greenvda.com\/fr\/wp-json\/wp\/v2\/pages\/2495","targetHints":{"allow":["GET"]}}],"collection":[{"href":"https:\/\/www.greenvda.com\/fr\/wp-json\/wp\/v2\/pages"}],"about":[{"href":"https:\/\/www.greenvda.com\/fr\/wp-json\/wp\/v2\/types\/page"}],"author":[{"embeddable":true,"href":"https:\/\/www.greenvda.com\/fr\/wp-json\/wp\/v2\/users\/1"}],"replies":[{"embeddable":true,"href":"https:\/\/www.greenvda.com\/fr\/wp-json\/wp\/v2\/comments?post=2495"}],"version-history":[{"count":5,"href":"https:\/\/www.greenvda.com\/fr\/wp-json\/wp\/v2\/pages\/2495\/revisions"}],"predecessor-version":[{"id":3500,"href":"https:\/\/www.greenvda.com\/fr\/wp-json\/wp\/v2\/pages\/2495\/revisions\/3500"}],"up":[{"embeddable":true,"href":"https:\/\/www.greenvda.com\/fr\/wp-json\/wp\/v2\/pages\/2485"}],"wp:attachment":[{"href":"https:\/\/www.greenvda.com\/fr\/wp-json\/wp\/v2\/media?parent=2495"}],"curies":[{"name":"wp","href":"https:\/\/api.w.org\/{rel}","templated":true}]}}