{"id":2480,"date":"2021-09-06T14:02:03","date_gmt":"2021-09-06T12:02:03","guid":{"rendered":"https:\/\/www.greenvda.com\/mobilite-durable\/noleggio-green-bmw-i3-elettriche\/"},"modified":"2023-03-09T15:26:32","modified_gmt":"2023-03-09T14:26:32","slug":"location-green-bmw-i3-electriques","status":"publish","type":"page","link":"https:\/\/www.greenvda.com\/fr\/mobilite-durable\/location-green-bmw-i3-electriques\/","title":{"rendered":"Location Green BMW i3 \u00e9lectriques"},"content":{"rendered":"<h1>Location Green BMW i3 \u00e9lectrique<\/h1>\n<div>\n<p>Nos BMW i3 sont disponibles \u00e0 l&rsquo;a\u00e9roport de Turin Caselle ainsi qu&rsquo;aux gares ferroviaires de Turin et Aoste.<br \/>Elles repr\u00e9sentent la meilleure solution pour rejoindre les h\u00f4tels et pour profiter pleinement des visites dans la magnifique r\u00e9gion qu\u2019est la Vall\u00e9e d\u2019Aoste, sans polluer et avec l\u2019\u00e9motion\u00a0 d\u2019une conduite \u00e9lectrique agile.<\/p>\n<p><strong>Tarif : location d\u2019une BMW i3 \u00e0 68,00 euros par jour, recharges \u00e9lectriques comprises et assurance tous risques avec franchise de 500 euros.<\/strong><\/p>\n<\/div>\n<p><img decoding=\"async\" src=\"\/wp-content\/uploads\/2021\/09\/NoleggioGreenBMWi3Elettriche1.jpeg\" alt=\"\"><br \/>\n<img decoding=\"async\" src=\"\/wp-content\/uploads\/2021\/09\/NoleggioGreenBMWi3Elettriche2.jpeg\" alt=\"\"><br \/>\n<img decoding=\"async\" src=\"\/wp-content\/uploads\/2021\/09\/NoleggioGreenBMWi3Elettricheauto1.jpeg\" alt=\"\"><\/p>\n<div>\n<h2>Tarif<\/h2>\n<\/div>\n<div>\n<h5 id=\"h.vefin2ea7co\" dir=\"ltr\" class=\"CDt4Ke zfr3Q\"><span><strong>LOCATION BMW i3<\/strong><\/span><\/h5>\n<p dir=\"ltr\" class=\"CDt4Ke zfr3Q\"><span><strong>\u20ac. 68,00<\/strong><\/span><\/p>\n<p dir=\"ltr\" class=\"CDt4Ke zfr3Q\"><span style=\"font-weight: 400;\">Location d\u2019une BMW i3 par jour, recharges \u00e9lectriques comprises et assurance tous risques avec franchise de 500 euros.<\/span><\/p>\n<h5 dir=\"ltr\" class=\"CDt4Ke zfr3Q\"><span><strong>Si\u00e8ge enfants<\/strong><\/span><\/h5>\n<p dir=\"ltr\" class=\"CDt4Ke zfr3Q\"><span><strong>\u20ac. 15,00<\/strong><\/span><\/p>\n<p dir=\"ltr\" class=\"CDt4Ke zfr3Q\"><span>Tarif par jour pour si\u00e8ge enfants jusqu&rsquo;\u00e0 36kg.<\/span><\/p>\n<h5 dir=\"ltr\" class=\"CDt4Ke zfr3Q\"><span><strong>Porte-v\u00e9lo<\/strong><\/span><\/h5>\n<p dir=\"ltr\" class=\"CDt4Ke zfr3Q\"><span><strong>\u20ac. 15,00<\/strong><\/span><\/p>\n<p dir=\"ltr\" class=\"CDt4Ke zfr3Q\">Tarif par jour pour les voitures avec porte-v\u00e9los mont\u00e9 sur le hayon.<\/p>\n<h5 dir=\"ltr\" class=\"CDt4Ke zfr3Q\"><span><strong>Porte-skis<\/strong><\/span><\/h5>\n<p dir=\"ltr\" class=\"CDt4Ke zfr3Q\"><span><strong>\u20ac. 15,00<\/strong><\/span><\/p>\n<p dir=\"ltr\" class=\"CDt4Ke zfr3Q\">Tarif par jour pour les voitures avec porte-ski mont\u00e9 sur le hayon.<\/p>\n<\/div>\n<p><img decoding=\"async\" src=\"\/wp-content\/uploads\/2021\/09\/NoleggioGreenBMWi3Elettricheauto2.jpeg\" alt=\"\"><\/p>\n<div>\n<h2>Remise de la voiture<\/h2>\n<\/div>\n<div>\n<h5 dir=\"ltr\" class=\"CDt4Ke zfr3Q\"><span><strong>Gare d&rsquo;Aoste<\/strong><\/span><\/h5>\n<p><span style=\"font-weight: 400;\">La remise de la voiture \u00e0 la gare d\u2019Aoste est effectu\u00e9e par l\u2019un de nos pr\u00e9pos\u00e9s, qui attend les clients directement \u00e0 la sortie de la gare d\u2019Aoste. Ce service implique un <strong>co\u00fbt suppl\u00e9mentaire\u00a0de 15,00 euros<\/strong>.<\/span><\/p>\n<h5 dir=\"ltr\" class=\"CDt4Ke zfr3Q\"><strong>Gare de Turin<\/strong><\/h5>\n<p dir=\"ltr\" class=\"CDt4Ke zfr3Q\">La remise de la voiture \u00e0 la gare Porta Susa ou Porta Nuova de Turin est effectu\u00e9e par l\u2019un de nos pr\u00e9pos\u00e9s, qui attend les clients directement \u00e0 la sortie de la gare choisie. Ce service implique un <strong>co\u00fbt suppl\u00e9mentaire de 72,00 euros.<\/strong><\/p>\n<h5><strong>A\u00e9roport de Turin Caselle<\/strong><\/h5>\n<p><span style=\"font-weight: 400;\">La remise de la voiture \u00e0 l\u2019a\u00e9roport de Turin Caselle a lieu apr\u00e8s avoir pris la navette de l\u2019\u00ab Italian Parking \u00bb, qui transporte les clients directement au Parking o\u00f9 l&rsquo;auto leur sera confi\u00e9e. Ce service implique un <strong>co\u00fbt suppl\u00e9mentaire\u00a0de 15,00 euros<\/strong>.<\/span><\/p>\n<\/div>\n<p><img decoding=\"async\" src=\"\/wp-content\/uploads\/2021\/09\/NoleggioGreenBMWi3Elettricheauto3.jpeg\" alt=\"\"><\/p>\n<div>\n<h2>Recharge<\/h2>\n<p><span style=\"font-weight: 400;\">La recharge des BMW i3 \u00e9lectriques est ais\u00e9ment effectu\u00e9e, sans aucun suppl\u00e9ment, \u00e0 l&rsquo;h\u00f4tel r\u00e9serv\u00e9<\/span><\/p>\n<h2>Couverture d&rsquo;assurance<\/h2>\n<p><span style=\"font-weight: 400;\">Toutes les voitures disposent d\u2019une couverture d\u2019assurance tous risques, comprise dans la location, avec une franchise tr\u00e8s basse : 500 euros seulement<\/span><\/p>\n<h2>Documents<\/h2>\n<p><span style=\"font-weight: 400;\">Au moment de la r\u00e9servation, il est n\u00e9cessaire d\u2019envoyer les photographies des documents suivants : permis de conduire et carte de cr\u00e9dit.<\/span><\/p>\n<p><span style=\"font-weight: 400;\">\u00c0 la confirmation de votre r\u00e9servation, vous recevrez l\u2019autorisation \u00e0 conduire la voiture en location et tous les renseignements d\u00e9taill\u00e9s pour le retrait de votre v\u00e9hicule.<\/span><\/p>\n<p><span style=\"font-weight: 400;\">La conduite n\u2019est pas autoris\u00e9e pour les nouveaux conducteurs novices.<\/span><\/p>\n<\/p>\n<\/div>\n<div>\n<p>La recharge de la BMW i3 \u00e9lectrique est ais\u00e9ment effectu\u00e9e, sans frais suppl\u00e9mentaires, \u00e0 l&rsquo;h\u00f4tel r\u00e9serv\u00e9.<\/p>\n<\/div>\n<p><img decoding=\"async\" src=\"\/wp-content\/uploads\/2021\/09\/NoleggioGreenBMWi3Elettrichetestimonianza.jpeg\" alt=\"\"><\/p>\n<div>\n<p dir=\"ltr\" class=\"CDt4Ke zfr3Q\"><em><span style=\"font-weight: 400;\">\u00ab\u00a0Une exp\u00e9rience de conduite r\u00e9volutionnaire. Facile : on la conduit presque d\u2019un seul pied, gr\u00e2ce \u00e0 la d\u00e9c\u00e9l\u00e9ration r\u00e9g\u00e9n\u00e9rante. Agile : la puissance imm\u00e9diate du moteur \u00e9lectrique et le centre de gravit\u00e9 tr\u00e8s bas la rendent r\u00e9ellement agr\u00e9able en montagne. Douce et silencieuse, pour arriver partout sur le pointe des pieds. Essayez d\u2019\u00eatre diff\u00e9rent, l\u2019avenir vous attend.\u00a0\u00bb<\/span><\/em><\/p>\n<p dir=\"ltr\" class=\"CDt4Ke zfr3Q\"><em>Andrea Celesia<\/em><\/p>\n<p dir=\"ltr\" class=\"CDt4Ke zfr3Q\"><em>Fondateur de Green Vall\u00e9e d&rsquo;Aoste<\/em><\/p>\n<\/div>\n<p><!--more--><br \/>\n<!-- {\"name\":\"Post Index\",\"type\":\"layout\",\"children\":[{\"name\":\"Hero\",\"type\":\"section\",\"props\":{\"height_viewport\":false,\"image\":\"\",\"image_effect\":\"parallax\",\"image_parallax_easing\":\"1\",\"image_position\":\"bottom-center\",\"image_size\":\"cover\",\"image_width\":\"2560\",\"media\":\"images\\\/press-header.jpg\",\"media_advanced\":true,\"media_background\":\"#fff\",\"media_size\":\"cover\",\"overlap\":false,\"padding\":\"large\",\"style\":\"primary\",\"title_breakpoint\":\"xl\",\"title_position\":\"top-left\",\"title_rotation\":\"left\",\"vertical_align\":\"\",\"video\":\"<iframe width=\\\"1274\\\" height=\\\"721\\\" src=\\\"https:\\\/\\\/www.youtube.com\\\/embed\\\/lARWqW6BLs4\\\" title=\\\"YouTube video player\\\" frameborder=\\\"0\\\" allow=\\\"accelerometer; autoplay; clipboard-write; encrypted-media; gyroscope; picture-in-picture\\\" allowfullscreen><\\\/iframe>\",\"video_width\":\"1000\",\"width\":\"large\"},\"children\":[{\"name\":\"\",\"type\":\"row\",\"children\":[{\"name\":\"\",\"type\":\"column\",\"props\":{\"image_position\":\"center-center\",\"media_overlay_gradient\":\"\",\"position_sticky_breakpoint\":\"m\",\"width_medium\":\"1-1\"},\"children\":[{\"name\":\"\",\"type\":\"headline\",\"props\":{\"animation\":\"none\",\"content\":\"Location Green BMW i3 \\u00e9lectrique\",\"margin_remove_top\":true,\"parallax_breakpoint\":\"m\",\"parallax_y\":\"50,0\",\"text_align\":\"left\",\"title_element\":\"h1\",\"title_style\":\"heading-xlarge\"}}]}]}]},{\"type\":\"section\",\"props\":{\"image_position\":\"center-center\",\"style\":\"muted\",\"title_breakpoint\":\"xl\",\"title_position\":\"top-left\",\"title_rotation\":\"left\",\"vertical_align\":\"middle\",\"width\":\"default\"},\"children\":[{\"type\":\"row\",\"props\":{\"layout\":\"1-2,1-2\"},\"children\":[{\"type\":\"column\",\"props\":{\"image_position\":\"center-center\",\"media_overlay_gradient\":\"\",\"position_sticky_breakpoint\":\"m\",\"width_medium\":\"1-1\"},\"children\":[]},{\"type\":\"column\",\"props\":{\"image_position\":\"center-center\",\"media_overlay_gradient\":\"\",\"position_sticky_breakpoint\":\"m\",\"width_medium\":\"1-1\"},\"children\":[{\"name\":\"\",\"type\":\"text\",\"props\":{\"animation\":\"none\",\"column_breakpoint\":\"m\",\"content\":\"\n\n<p>Nos BMW i3 sont disponibles \\u00e0 l'a\\u00e9roport de Turin Caselle ainsi qu'aux gares ferroviaires de Turin et Aoste.<br \\\/>Elles repr\\u00e9sentent la meilleure solution pour rejoindre les h\\u00f4tels et pour profiter pleinement des visites dans la magnifique r\\u00e9gion qu\\u2019est la Vall\\u00e9e d\\u2019Aoste, sans polluer et avec l\\u2019\\u00e9motion\\u00a0 d\\u2019une conduite \\u00e9lectrique agile.<\\\/p>\\n\n\n<p><strong>Tarif : location d\\u2019une BMW i3 \\u00e0 68,00 euros par jour, recharges \\u00e9lectriques comprises et assurance tous risques avec franchise de 500 euros.<\\\/strong><\\\/p>\",\"margin\":\"\",\"parallax_breakpoint\":\"m\",\"parallax_y\":\"50,0\",\"text_align\":\"left\",\"text_style\":\"large\"}}]}]}]},{\"type\":\"section\",\"props\":{\"image_position\":\"center-center\",\"style\":\"muted\",\"title_breakpoint\":\"xl\",\"title_position\":\"top-left\",\"title_rotation\":\"left\",\"vertical_align\":\"middle\",\"width\":\"default\"},\"children\":[{\"type\":\"row\",\"props\":{\"layout\":\"1-2,1-2\"},\"children\":[{\"type\":\"column\",\"props\":{\"image_position\":\"center-center\",\"media_overlay_gradient\":\"\",\"position_sticky_breakpoint\":\"m\",\"width_medium\":\"1-2\"},\"children\":[{\"type\":\"headline\",\"props\":{\"content\":\"\",\"title_element\":\"h1\"}},{\"type\":\"image\",\"props\":{\"image\":\"wp-content\\\/uploads\\\/2021\\\/09\\\/NoleggioGreenBMWi3Elettriche1.jpeg\",\"image_height\":\"350\",\"image_svg_color\":\"emphasis\",\"image_width\":\"350\",\"margin\":\"default\"}}]},{\"type\":\"column\",\"props\":{\"image_position\":\"center-center\",\"media_overlay_gradient\":\"\",\"position_sticky_breakpoint\":\"m\",\"width_medium\":\"1-2\"},\"children\":[{\"type\":\"headline\",\"props\":{\"content\":\"\",\"title_element\":\"h1\"}},{\"type\":\"image\",\"props\":{\"image\":\"wp-content\\\/uploads\\\/2021\\\/09\\\/NoleggioGreenBMWi3Elettriche2.jpeg\",\"image_height\":\"350\",\"image_svg_color\":\"emphasis\",\"image_width\":\"350\",\"margin\":\"default\"}}]}]}]},{\"type\":\"section\",\"props\":{\"image_position\":\"center-center\",\"style\":\"default\",\"title_breakpoint\":\"xl\",\"title_position\":\"top-left\",\"title_rotation\":\"left\",\"vertical_align\":\"middle\",\"width\":\"default\"},\"children\":[{\"type\":\"row\",\"children\":[{\"type\":\"column\",\"props\":{\"image_position\":\"center-center\",\"media_overlay_gradient\":\"\",\"position_sticky_breakpoint\":\"m\",\"width_medium\":\"1-3\"},\"children\":[{\"type\":\"image\",\"props\":{\"image\":\"wp-content\\\/uploads\\\/2021\\\/09\\\/NoleggioGreenBMWi3Elettricheauto1.jpeg\",\"image_height\":\"350\",\"image_svg_color\":\"emphasis\",\"image_width\":\"350\",\"margin\":\"default\"}}]},{\"type\":\"column\",\"props\":{\"image_position\":\"center-center\",\"media_overlay_gradient\":\"\",\"position_sticky_breakpoint\":\"m\",\"vertical_align\":\"middle\",\"width_medium\":\"2-3\"},\"children\":[{\"type\":\"text\",\"props\":{\"column\":\"1-2\",\"column_breakpoint\":\"m\",\"content\":\"\n\n<h2>Tarif<\\\/h2>\",\"margin\":\"default\"}},{\"type\":\"text\",\"props\":{\"column\":\"1-2\",\"column_breakpoint\":\"m\",\"content\":\"\n\n<h5 id=\\\"h.vefin2ea7co\\\" dir=\\\"ltr\\\" class=\\\"CDt4Ke zfr3Q\\\"><span><strong>LOCATION BMW i3<\\\/strong><\\\/span><\\\/h5>\\n\n\n<p dir=\\\"ltr\\\" class=\\\"CDt4Ke zfr3Q\\\"><span><strong>\\u20ac. 68,00<\\\/strong><\\\/span><\\\/p>\\n\n\n<p dir=\\\"ltr\\\" class=\\\"CDt4Ke zfr3Q\\\"><span style=\\\"font-weight: 400;\\\">Location d\\u2019une BMW i3 par jour, recharges \\u00e9lectriques comprises et assurance tous risques avec franchise de 500 euros.<\\\/span><\\\/p>\\n\n\n<h5 dir=\\\"ltr\\\" class=\\\"CDt4Ke zfr3Q\\\"><span><strong>Si\\u00e8ge enfants<\\\/strong><\\\/span><\\\/h5>\\n\n\n<p dir=\\\"ltr\\\" class=\\\"CDt4Ke zfr3Q\\\"><span><strong>\\u20ac. 15,00<\\\/strong><\\\/span><\\\/p>\\n\n\n<p dir=\\\"ltr\\\" class=\\\"CDt4Ke zfr3Q\\\"><span>Tarif par jour pour si\\u00e8ge enfants jusqu'\\u00e0 36kg.<\\\/span><\\\/p>\\n\n\n<h5 dir=\\\"ltr\\\" class=\\\"CDt4Ke zfr3Q\\\"><span><strong>Porte-v\\u00e9lo<\\\/strong><\\\/span><\\\/h5>\\n\n\n<p dir=\\\"ltr\\\" class=\\\"CDt4Ke zfr3Q\\\"><span><strong>\\u20ac. 15,00<\\\/strong><\\\/span><\\\/p>\\n\n\n<p dir=\\\"ltr\\\" class=\\\"CDt4Ke zfr3Q\\\">Tarif par jour pour les voitures avec porte-v\\u00e9los mont\\u00e9 sur le hayon.<\\\/p>\\n\n\n<h5 dir=\\\"ltr\\\" class=\\\"CDt4Ke zfr3Q\\\"><span><strong>Porte-skis<\\\/strong><\\\/span><\\\/h5>\\n\n\n<p dir=\\\"ltr\\\" class=\\\"CDt4Ke zfr3Q\\\"><span><strong>\\u20ac. 15,00<\\\/strong><\\\/span><\\\/p>\\n\n\n<p dir=\\\"ltr\\\" class=\\\"CDt4Ke zfr3Q\\\">Tarif par jour pour les voitures avec porte-ski mont\\u00e9 sur le hayon.<\\\/p>\",\"margin\":\"default\"}}]}],\"props\":{\"layout\":\"1-3,2-3\",\"match\":true}},{\"type\":\"row\",\"children\":[{\"type\":\"column\",\"props\":{\"image_position\":\"center-center\",\"media_overlay_gradient\":\"\",\"position_sticky_breakpoint\":\"m\",\"vertical_align\":\"middle\",\"width_medium\":\"1-3\"},\"children\":[{\"type\":\"image\",\"props\":{\"image\":\"wp-content\\\/uploads\\\/2021\\\/09\\\/NoleggioGreenBMWi3Elettricheauto2.jpeg\",\"image_height\":\"350\",\"image_svg_color\":\"emphasis\",\"image_width\":\"350\",\"margin\":\"default\"}}]},{\"type\":\"column\",\"props\":{\"image_position\":\"center-center\",\"media_overlay_gradient\":\"\",\"position_sticky_breakpoint\":\"m\",\"vertical_align\":\"middle\",\"width_medium\":\"2-3\"},\"children\":[{\"type\":\"text\",\"props\":{\"column_breakpoint\":\"m\",\"content\":\"\n\n<h2>Remise de la voiture<\\\/h2>\",\"margin\":\"default\"}},{\"type\":\"text\",\"props\":{\"column\":\"1-2\",\"column_breakpoint\":\"m\",\"column_divider\":false,\"content\":\"\n\n<h5 dir=\\\"ltr\\\" class=\\\"CDt4Ke zfr3Q\\\"><span><strong>Gare d'Aoste<\\\/strong><\\\/span><\\\/h5>\\n\n\n<p><span style=\\\"font-weight: 400;\\\">La remise de la voiture \\u00e0 la gare d\\u2019Aoste est effectu\\u00e9e par l\\u2019un de nos pr\\u00e9pos\\u00e9s, qui attend les clients directement \\u00e0 la sortie de la gare d\\u2019Aoste. Ce service implique un <strong>co\\u00fbt suppl\\u00e9mentaire\\u00a0de 15,00 euros<\\\/strong>.<\\\/span><\\\/p>\\n\n\n<h5 dir=\\\"ltr\\\" class=\\\"CDt4Ke zfr3Q\\\"><strong>Gare de Turin<\\\/strong><\\\/h5>\\n\n\n<p dir=\\\"ltr\\\" class=\\\"CDt4Ke zfr3Q\\\">La remise de la voiture \\u00e0 la gare Porta Susa ou Porta Nuova de Turin est effectu\\u00e9e par l\\u2019un de nos pr\\u00e9pos\\u00e9s, qui attend les clients directement \\u00e0 la sortie de la gare choisie. Ce service implique un <strong>co\\u00fbt suppl\\u00e9mentaire de 72,00 euros.<\\\/strong><\\\/p>\\n\n\n<h5><strong>A\\u00e9roport de Turin Caselle<\\\/strong><\\\/h5>\\n\n\n<p><span style=\\\"font-weight: 400;\\\">La remise de la voiture \\u00e0 l\\u2019a\\u00e9roport de Turin Caselle a lieu apr\\u00e8s avoir pris la navette de l\\u2019\\u00ab Italian Parking \\u00bb, qui transporte les clients directement au Parking o\\u00f9 l'auto leur sera confi\\u00e9e. Ce service implique un <strong>co\\u00fbt suppl\\u00e9mentaire\\u00a0de 15,00 euros<\\\/strong>.<\\\/span><\\\/p>\",\"margin\":\"default\"}}]}],\"props\":{\"layout\":\"1-3,2-3\",\"match\":true}},{\"type\":\"row\",\"children\":[{\"type\":\"column\",\"props\":{\"image_position\":\"center-center\",\"media_overlay_gradient\":\"\",\"position_sticky_breakpoint\":\"m\",\"vertical_align\":\"middle\",\"width_medium\":\"1-3\"},\"children\":[{\"type\":\"image\",\"props\":{\"image\":\"wp-content\\\/uploads\\\/2021\\\/09\\\/NoleggioGreenBMWi3Elettricheauto3.jpeg\",\"image_height\":\"350\",\"image_svg_color\":\"emphasis\",\"image_width\":\"350\",\"margin\":\"default\"}}]},{\"type\":\"column\",\"props\":{\"image_position\":\"center-center\",\"media_overlay_gradient\":\"\",\"position_sticky_breakpoint\":\"m\",\"vertical_align\":\"middle\",\"width_medium\":\"2-3\"},\"children\":[{\"type\":\"text\",\"props\":{\"column_breakpoint\":\"m\",\"content\":\"\n\n<h2>Recharge<\\\/h2>\\n\n\n<p><span style=\\\"font-weight: 400;\\\">La recharge des BMW i3 \\u00e9lectriques est ais\\u00e9ment effectu\\u00e9e, sans aucun suppl\\u00e9ment, \\u00e0 l'h\\u00f4tel r\\u00e9serv\\u00e9<\\\/span><\\\/p>\\n\n\n<h2>Couverture d'assurance<\\\/h2>\\n\n\n<p><span style=\\\"font-weight: 400;\\\">Toutes les voitures disposent d\\u2019une couverture d\\u2019assurance tous risques, comprise dans la location, avec une franchise tr\\u00e8s basse : 500 euros seulement<\\\/span><\\\/p>\\n\n\n<h2>Documents<\\\/h2>\\n\n\n<p><span style=\\\"font-weight: 400;\\\">Au moment de la r\\u00e9servation, il est n\\u00e9cessaire d\\u2019envoyer les photographies des documents suivants : permis de conduire et carte de cr\\u00e9dit.<\\\/span><\\\/p>\\n\n\n<p><span style=\\\"font-weight: 400;\\\">\\u00c0 la confirmation de votre r\\u00e9servation, vous recevrez l\\u2019autorisation \\u00e0 conduire la voiture en location et tous les renseignements d\\u00e9taill\\u00e9s pour le retrait de votre v\\u00e9hicule.<\\\/span><\\\/p>\\n\n\n<p><span style=\\\"font-weight: 400;\\\">La conduite n\\u2019est pas autoris\\u00e9e pour les nouveaux conducteurs novices.<\\\/span><\\\/p>\\n\n\n<p><\\\/p>\",\"margin\":\"default\"}},{\"type\":\"text\",\"props\":{\"column_breakpoint\":\"m\",\"column_divider\":false,\"content\":\"\n\n<p>La recharge de la BMW i3 \\u00e9lectrique est ais\\u00e9ment effectu\\u00e9e, sans frais suppl\\u00e9mentaires, \\u00e0 l'h\\u00f4tel r\\u00e9serv\\u00e9.<\\\/p>\",\"margin\":\"default\"}}]}],\"props\":{\"layout\":\"1-3,2-3\",\"match\":true}}],\"name\":\"Posts\"},{\"type\":\"section\",\"props\":{\"image\":\"\",\"image_position\":\"center-center\",\"style\":\"muted\",\"title_breakpoint\":\"xl\",\"title_position\":\"top-left\",\"title_rotation\":\"left\",\"vertical_align\":\"middle\",\"width\":\"default\"},\"children\":[{\"type\":\"row\",\"props\":{\"layout\":\"1-2,1-2\"},\"children\":[{\"type\":\"column\",\"props\":{\"image_position\":\"center-center\",\"media_overlay_gradient\":\"\",\"position_sticky_breakpoint\":\"m\",\"width_medium\":\"1-2\"},\"children\":[{\"type\":\"image\",\"props\":{\"image\":\"wp-content\\\/uploads\\\/2021\\\/09\\\/NoleggioGreenBMWi3Elettrichetestimonianza.jpeg\",\"image_alt\":\"\",\"image_svg_color\":\"emphasis\",\"margin\":\"default\"}}]},{\"type\":\"column\",\"props\":{\"image_position\":\"center-center\",\"media_overlay_gradient\":\"\",\"position_sticky_breakpoint\":\"m\",\"width_medium\":\"1-2\"},\"children\":[{\"type\":\"text\",\"props\":{\"column_breakpoint\":\"m\",\"content\":\"\n\n<p dir=\\\"ltr\\\" class=\\\"CDt4Ke zfr3Q\\\"><em><span style=\\\"font-weight: 400;\\\">\\\"Une exp\\u00e9rience de conduite r\\u00e9volutionnaire. Facile : on la conduit presque d\\u2019un seul pied, gr\\u00e2ce \\u00e0 la d\\u00e9c\\u00e9l\\u00e9ration r\\u00e9g\\u00e9n\\u00e9rante. Agile : la puissance imm\\u00e9diate du moteur \\u00e9lectrique et le centre de gravit\\u00e9 tr\\u00e8s bas la rendent r\\u00e9ellement agr\\u00e9able en montagne. Douce et silencieuse, pour arriver partout sur le pointe des pieds. Essayez d\\u2019\\u00eatre diff\\u00e9rent, l\\u2019avenir vous attend.\\\"<\\\/span><\\\/em><\\\/p>\\n\n\n<p dir=\\\"ltr\\\" class=\\\"CDt4Ke zfr3Q\\\"><em>Andrea Celesia<\\\/em><\\\/p>\\n\n\n<p dir=\\\"ltr\\\" class=\\\"CDt4Ke zfr3Q\\\"><em>Fondateur de Green Vall\\u00e9e d'Aoste<\\\/em><\\\/p>\",\"margin\":\"default\"}}]}]}]}],\"version\":\"3.0.17\"} --><\/p>\n","protected":false},"excerpt":{"rendered":"<p>Location Green BMW i3 \u00e9lectrique Nos BMW i3 sont disponibles \u00e0 l&rsquo;a\u00e9roport de Turin Caselle ainsi qu&rsquo;aux gares ferroviaires de Turin et Aoste.Elles repr\u00e9sentent la meilleure solution pour rejoindre les h\u00f4tels et pour profiter pleinement des visites dans la magnifique r\u00e9gion qu\u2019est la Vall\u00e9e d\u2019Aoste, sans polluer et avec l\u2019\u00e9motion\u00a0 d\u2019une conduite \u00e9lectrique agile. Tarif [&hellip;]<\/p>\n","protected":false},"author":1,"featured_media":0,"parent":2436,"menu_order":0,"comment_status":"closed","ping_status":"closed","template":"","meta":{"_seopress_robots_primary_cat":"","_seopress_titles_title":"Noleggio Green BMW i3 Elettriche | Green Experience Vall\u00e9e d&#039;Aoste","_seopress_titles_desc":"Le nostre Bmw i3 sono la soluzione migliore per raggiungere gli hotel e godersi la possibilit\u00e0 di visitare la magnifica Valle d\u2019Aosta. Clicca qui per scoprirle tutte!","_seopress_robots_index":"","footnotes":""},"class_list":["post-2480","page","type-page","status-publish","hentry"],"_links":{"self":[{"href":"https:\/\/www.greenvda.com\/fr\/wp-json\/wp\/v2\/pages\/2480","targetHints":{"allow":["GET"]}}],"collection":[{"href":"https:\/\/www.greenvda.com\/fr\/wp-json\/wp\/v2\/pages"}],"about":[{"href":"https:\/\/www.greenvda.com\/fr\/wp-json\/wp\/v2\/types\/page"}],"author":[{"embeddable":true,"href":"https:\/\/www.greenvda.com\/fr\/wp-json\/wp\/v2\/users\/1"}],"replies":[{"embeddable":true,"href":"https:\/\/www.greenvda.com\/fr\/wp-json\/wp\/v2\/comments?post=2480"}],"version-history":[{"count":14,"href":"https:\/\/www.greenvda.com\/fr\/wp-json\/wp\/v2\/pages\/2480\/revisions"}],"predecessor-version":[{"id":4108,"href":"https:\/\/www.greenvda.com\/fr\/wp-json\/wp\/v2\/pages\/2480\/revisions\/4108"}],"up":[{"embeddable":true,"href":"https:\/\/www.greenvda.com\/fr\/wp-json\/wp\/v2\/pages\/2436"}],"wp:attachment":[{"href":"https:\/\/www.greenvda.com\/fr\/wp-json\/wp\/v2\/media?parent=2480"}],"curies":[{"name":"wp","href":"https:\/\/api.w.org\/{rel}","templated":true}]}}