{"id":2446,"date":"2021-08-16T13:18:02","date_gmt":"2021-08-16T11:18:02","guid":{"rendered":"https:\/\/www.greenvda.com\/aosta\/"},"modified":"2022-02-03T15:13:51","modified_gmt":"2022-02-03T14:13:51","slug":"aoste","status":"publish","type":"page","link":"https:\/\/www.greenvda.com\/fr\/vallee-daoste\/aoste\/","title":{"rendered":"Aoste"},"content":{"rendered":"<h1>Aoste<\/h1>\n<div>Avec ses 34.000 habitants, Aoste est non seulement le chef-lieu de la r\u00e9gion, mais aussi la seule ville en Vall\u00e9e d\u2019Aoste.  Elle s\u2019\u00e9tend dans une vaste plaine au centre de la r\u00e9gion alpine, entour\u00e9e de hautes montagnes. Connue comme la Rome des Alpes, la ville a \u00e9t\u00e9 fond\u00e9e en 25 av. J.-C. sous le nom d\u2019Augusta Praetoria en l\u2019honneur de l\u2019empereur Octavien Auguste. De nos jours encore, une grande partie du mur d\u2019enceinte d\u2019origine de la ville est conserv\u00e9e, ainsi qu\u2019une zone arch\u00e9ologique prestigieuse comprise entre la Porte Pr\u00e9torienne, l\u2019entr\u00e9e majestueuse de la ville parfaitement conserv\u00e9e, et le Th\u00e9\u00e2tre romain qui, avec sa fa\u00e7ade monumentale, repr\u00e9sente l\u2019un des t\u00e9moignages les plus significatifs de l\u2019\u00e9poque. La visite se r\u00e9v\u00e8le particuli\u00e8rement agr\u00e9able, surtout en se baladant dans les rues pi\u00e9tonnes anim\u00e9es et Place Chanoux, au c\u0153ur de la ville. Vous pourrez faire une promenade \u00e0 l\u2019enseigne du shopping, des sp\u00e9cialit\u00e9s gastronomiques \u00e0 d\u00e9guster dans les nombreux restaurants, les caf\u00e9s et les \u0153noth\u00e8ques du centre-ville ; vous pourrez aussi assister \u00e0 des \u00e9v\u00e9nements et \u00e0 des activit\u00e9s organis\u00e9es pour les visiteurs. Aoste repr\u00e9sente le point de d\u00e9part id\u00e9al pour rayonner dans toute la r\u00e9gion et pour faire un petit tour en France et en Suisse, en franchissant les cols alpins panoramiques du Petit-Saint-Bernard et du Grand-Saint-Bernard.<\/div>\n<ul>\n<li>\n<h3>Choses \u00e0 faire<\/h3>\n<div>\n<ul>\n<li>Arc d\u2019Auguste<\/li>\n<li>Porte Pr\u00e9torienne<\/li>\n<li>Th\u00e9\u00e2tre romain<\/li>\n<li>Cryptoportique\u00a0<\/li>\n<li>Cath\u00e9drale<\/li>\n<li>Coll\u00e9giale de Sant\u2019Ours<\/li>\n<li>Zone m\u00e9galithique de Saint-Martin de Corl\u00e9ans<\/li>\n<li>Foire de Sant\u2019Ours<\/li>\n<li>March\u00e9 Vert de No\u00ebl<\/li>\n<li>Trekking et promenades<\/li>\n<li>VTT, downhill e freeride<\/li>\n<li>Cheval<\/li>\n<\/ul>\n<\/div>\n<\/li>\n<li>\n<h3>O\u00f9 dormir<\/h3>\n<div>\n<ul>\n<li>Hotel Duca di Aosta ****<\/li>\n<li>B&amp;B Maison Bondaz<\/li>\n<\/ul>\n<\/div>\n<\/li>\n<li>\n<h3>Quoi go\u00fbter<\/h3>\n<\/li>\n<\/ul>\n<ul>\n<li>\n<p>        <img decoding=\"async\" src=\"\/wp-content\/uploads\/2021\/08\/AostaPortaPretoria.jpg\" alt=\"\"><\/p>\n<\/li>\n<li>\n<p>        <img decoding=\"async\" src=\"\/wp-content\/uploads\/2021\/08\/aostaCentro.jpg\" alt=\"\"><\/p>\n<\/li>\n<li>\n<p>        <img decoding=\"async\" src=\"\/wp-content\/uploads\/2021\/08\/aostaromana.jpg\" alt=\"\"><\/p>\n<\/li>\n<li>\n<p>        <img decoding=\"async\" src=\"\/wp-content\/uploads\/2021\/08\/muraAosta.jpg\" alt=\"\"><\/p>\n<\/li>\n<li>\n<p>        <img decoding=\"async\" src=\"\/wp-content\/uploads\/2021\/08\/PilaAosta.jpg\" alt=\"\"><\/p>\n<\/li>\n<li>\n<p>        <img decoding=\"async\" src=\"\/wp-content\/uploads\/2021\/08\/teatroRomanoAosta.jpg\" alt=\"\"><\/p>\n<\/li>\n<li>\n<p>        <img decoding=\"async\" src=\"\/wp-content\/uploads\/2021\/08\/teatroRomanoAosta2.jpg\" alt=\"\"><\/p>\n<\/li>\n<li>\n<p>        <img decoding=\"async\" src=\"\/wp-content\/uploads\/2021\/08\/muraAosta2.jpg\" alt=\"\"><\/p>\n<\/li>\n<li>\n<p>        <img decoding=\"async\" src=\"\/wp-content\/uploads\/2021\/08\/aostaInverno.jpg\" alt=\"\"><\/p>\n<\/li>\n<li>\n<p>        <img decoding=\"async\" src=\"\/wp-content\/uploads\/2021\/08\/Aostaneve.jpg\" alt=\"\"><\/p>\n<\/li>\n<li>\n<p>        <img decoding=\"async\" src=\"\/wp-content\/uploads\/2021\/08\/criptoporticoAost.jpg\" alt=\"\"><\/p>\n<\/li>\n<li>\n<p>        <img decoding=\"async\" src=\"\/wp-content\/uploads\/2021\/08\/aostaCattedrale.jpg\" alt=\"\"><\/p>\n<\/li>\n<li>\n<p>        <img decoding=\"async\" src=\"\/wp-content\/uploads\/2021\/08\/aostaPiazzaChanoux.jpg\" alt=\"\"><\/p>\n<\/li>\n<li>\n<p>        <img decoding=\"async\" src=\"\/wp-content\/uploads\/2021\/08\/aostaPiazzaChanoux2.jpg\" alt=\"\"><\/p>\n<\/li>\n<li>\n<p>        <img decoding=\"async\" src=\"\/wp-content\/uploads\/2021\/08\/collinaAosta.jpg\" alt=\"\"><\/p>\n<\/li>\n<li>\n<p>        <img decoding=\"async\" src=\"\/wp-content\/uploads\/2021\/08\/aostaRomana2.jpg\" alt=\"\"><\/p>\n<\/li>\n<li>\n<p>        <img decoding=\"async\" src=\"\/wp-content\/uploads\/2021\/08\/aostaPiazzaChanoux3.jpg\" alt=\"\"><\/p>\n<\/li>\n<li>\n<p>        <img decoding=\"async\" src=\"\/wp-content\/uploads\/2021\/08\/criptoporticoAosta2.jpg\" alt=\"\"><\/p>\n<\/li>\n<\/ul>\n<p><!--more--><br \/>\n<!-- {\"name\":\"Tips\",\"type\":\"layout\",\"children\":[{\"name\":\"Copertina\",\"type\":\"section\",\"props\":{\"style\":\"default\",\"width\":\"large\",\"vertical_align\":\"middle\",\"title_position\":\"top-left\",\"title_rotation\":\"left\",\"title_breakpoint\":\"xl\",\"image_position\":\"center-center\",\"height\":\"percent\",\"image\":\"\",\"text_color\":\"light\",\"image_size\":\"cover\",\"image_effect\":\"parallax\",\"image_width\":\"2560\",\"overlap\":true,\"image_parallax_breakpoint\":\"m\",\"image_parallax_bgy_start\":\"-100\",\"image_parallax_bgy_end\":\"100\",\"video\":\"<iframe width=\\\"1280\\\" height=\\\"720\\\" src=\\\"https:\\\/\\\/www.youtube.com\\\/embed\\\/9XQFEwWo6OI\\\" title=\\\"YouTube video player\\\" frameborder=\\\"0\\\" allow=\\\"accelerometer; autoplay; clipboard-write; encrypted-media; gyroscope; picture-in-picture\\\" allowfullscreen><\\\/iframe>\",\"video_width\":\"1000\"},\"children\":[{\"name\":\"\",\"type\":\"row\",\"children\":[{\"name\":\"\",\"type\":\"column\",\"props\":{\"image_position\":\"center-center\",\"width_medium\":\"1-1\",\"media_overlay_gradient\":\"\"},\"children\":[{\"name\":\"\",\"type\":\"headline\",\"props\":{\"title_element\":\"h1\",\"title_style\":\"heading-xlarge\",\"text_align\":\"center\",\"content\":\"Aoste\",\"margin_remove_top\":true}}]}]}]},{\"name\":\"Intro + gallery\",\"type\":\"section\",\"props\":{\"style\":\"default\",\"width\":\"\",\"vertical_align\":\"middle\",\"title_position\":\"top-left\",\"title_rotation\":\"left\",\"title_breakpoint\":\"xl\",\"image_position\":\"bottom-center\",\"padding\":\"small\",\"image\":\"\",\"image_effect\":\"parallax\",\"title\":\"\",\"padding_remove_bottom\":false,\"padding_remove_top\":false,\"image_width\":\"900\",\"css\":\".el-section > * { background-position: 35% 90%; }\",\"image_parallax_breakpoint\":\"m\",\"image_parallax_bgy_start\":\"100\",\"media_visibility\":\"s\"},\"children\":[{\"name\":\"\",\"type\":\"row\",\"props\":{\"width\":\"large\",\"margin\":\"large\"},\"children\":[{\"name\":\"\",\"type\":\"column\",\"props\":{\"image_position\":\"center-center\",\"media_overlay_gradient\":\"\",\"width_medium\":\"\"},\"children\":[{\"name\":\"\",\"type\":\"text\",\"props\":{\"margin\":\"default\",\"column_breakpoint\":\"m\",\"animation\":\"none\",\"content\":\"Avec ses 34.000 habitants, Aoste est non seulement le chef-lieu de la r\\u00e9gion, mais aussi la seule ville en Vall\\u00e9e d\\u2019Aoste.  Elle s\\u2019\\u00e9tend dans une vaste plaine au centre de la r\\u00e9gion alpine, entour\\u00e9e de hautes montagnes. Connue comme la Rome des Alpes, la ville a \\u00e9t\\u00e9 fond\\u00e9e en 25 av. J.-C. sous le nom d\\u2019Augusta Praetoria en l\\u2019honneur de l\\u2019empereur Octavien Auguste. De nos jours encore, une grande partie du mur d\\u2019enceinte d\\u2019origine de la ville est conserv\\u00e9e, ainsi qu\\u2019une zone arch\\u00e9ologique prestigieuse comprise entre la Porte Pr\\u00e9torienne, l\\u2019entr\\u00e9e majestueuse de la ville parfaitement conserv\\u00e9e, et le Th\\u00e9\\u00e2tre romain qui, avec sa fa\\u00e7ade monumentale, repr\\u00e9sente l\\u2019un des t\\u00e9moignages les plus significatifs de l\\u2019\\u00e9poque. La visite se r\\u00e9v\\u00e8le particuli\\u00e8rement agr\\u00e9able, surtout en se baladant dans les rues pi\\u00e9tonnes anim\\u00e9es et Place Chanoux, au c\\u0153ur de la ville. Vous pourrez faire une promenade \\u00e0 l\\u2019enseigne du shopping, des sp\\u00e9cialit\\u00e9s gastronomiques \\u00e0 d\\u00e9guster dans les nombreux restaurants, les caf\\u00e9s et les \\u0153noth\\u00e8ques du centre-ville ; vous pourrez aussi assister \\u00e0 des \\u00e9v\\u00e9nements et \\u00e0 des activit\\u00e9s organis\\u00e9es pour les visiteurs. Aoste repr\\u00e9sente le point de d\\u00e9part id\\u00e9al pour rayonner dans toute la r\\u00e9gion et pour faire un petit tour en France et en Suisse, en franchissant les cols alpins panoramiques du Petit-Saint-Bernard et du Grand-Saint-Bernard.\",\"parallax_breakpoint\":\"m\",\"parallax_y_start\":\"50\",\"parallax_y_end\":\"-50\",\"block_align\":\"center\",\"margin_remove_top\":false}},{\"name\":\"\",\"type\":\"accordion\",\"props\":{\"show_image\":true,\"show_link\":true,\"collapsible\":true,\"image_align\":\"top\",\"image_grid_width\":\"1-2\",\"link_text\":\"Read more\",\"link_style\":\"default\",\"animation\":\"none\",\"margin_remove_top\":false,\"parallax_breakpoint\":\"m\",\"parallax_y_start\":\"100\",\"image_grid_breakpoint\":\"m\",\"content_column_breakpoint\":\"m\",\"image_svg_color\":\"emphasis\"},\"children\":[{\"name\":\"\",\"type\":\"accordion_item\",\"props\":{\"title\":\"Choses \\u00e0 faire\",\"content\":\"\n\n<ul>\\n\n\n<li>Arc d\\u2019Auguste<\\\/li>\\n\n\n<li>Porte Pr\\u00e9torienne<\\\/li>\\n\n\n<li>Th\\u00e9\\u00e2tre romain<\\\/li>\\n\n\n<li>Cryptoportique\\u00a0<\\\/li>\\n\n\n<li>Cath\\u00e9drale<\\\/li>\\n\n\n<li>Coll\\u00e9giale de Sant\\u2019Ours<\\\/li>\\n\n\n<li>Zone m\\u00e9galithique de Saint-Martin de Corl\\u00e9ans<\\\/li>\\n\n\n<li>Foire de Sant\\u2019Ours<\\\/li>\\n\n\n<li>March\\u00e9 Vert de No\\u00ebl<\\\/li>\\n\n\n<li>Trekking et promenades<\\\/li>\\n\n\n<li>VTT, downhill e freeride<\\\/li>\\n\n\n<li>Cheval<\\\/li>\\n<\\\/ul>\"}},{\"name\":\"\",\"type\":\"accordion_item\",\"props\":{\"title\":\"O\\u00f9 dormir\",\"content\":\"\n\n<ul>\\n\n\n<li>Hotel Duca di Aosta ****<\\\/li>\\n\n\n<li>B&amp;B Maison Bondaz<\\\/li>\\n<\\\/ul>\"}},{\"name\":\"\",\"type\":\"accordion_item\",\"props\":{\"title\":\"Quoi go\\u00fbter\",\"content\":\"\"}}]}]}]},{\"name\":\"\",\"type\":\"row\",\"props\":{\"margin_remove_bottom\":false},\"children\":[{\"name\":\"\",\"type\":\"column\",\"props\":{\"image_position\":\"center-center\",\"width_medium\":\"1-1\",\"media_overlay_gradient\":\"\"},\"children\":[{\"name\":\"\",\"type\":\"overlay-slider\",\"props\":{\"show_title\":false,\"show_meta\":false,\"show_content\":true,\"show_link\":true,\"slider_width\":\"fixed\",\"slider_width_default\":\"1-1\",\"slider_width_medium\":\"1-2\",\"slider_min_height\":300,\"slider_autoplay_pause\":true,\"nav\":\"\",\"nav_align\":\"center\",\"nav_breakpoint\":\"s\",\"slidenav\":\"default\",\"slidenav_margin\":\"\",\"slidenav_breakpoint\":\"\",\"slidenav_outside_breakpoint\":\"xl\",\"overlay_mode\":\"cover\",\"overlay_position\":\"center\",\"overlay_transition\":\"fade\",\"title_element\":\"h3\",\"meta_style\":\"meta\",\"meta_align\":\"below-title\",\"text_align\":\"center\",\"margin\":\"default\",\"slider_height\":\"\",\"slider_width_small\":\"\",\"slider_width_large\":\"\",\"slider_width_xlarge\":\"\",\"nav_margin\":\"\",\"nav_color\":\"\",\"slidenav_color\":\"\",\"slidenav_outside_color\":\"\",\"animation\":\"parallax\",\"slider_center\":false,\"slider_finite\":true,\"slider_sets\":false,\"image_width\":\"965\",\"parallax_breakpoint\":\"m\",\"parallax_x_start\":\"50\",\"slider_gap\":\"default\",\"meta_element\":\"div\",\"link_text\":\"\",\"link_style\":\"default\",\"overlay_link\":true,\"title_hover_style\":\"reset\"},\"children\":[{\"name\":\"\",\"type\":\"overlay-slider_item\",\"props\":{\"image\":\"wp-content\\\/uploads\\\/2021\\\/08\\\/AostaPortaPretoria.jpg\"}},{\"name\":\"\",\"type\":\"overlay-slider_item\",\"props\":{\"image\":\"wp-content\\\/uploads\\\/2021\\\/08\\\/aostaCentro.jpg\"}},{\"name\":\"\",\"type\":\"overlay-slider_item\",\"props\":{\"image\":\"wp-content\\\/uploads\\\/2021\\\/08\\\/aostaromana.jpg\"}},{\"name\":\"\",\"type\":\"overlay-slider_item\",\"props\":{\"image\":\"wp-content\\\/uploads\\\/2021\\\/08\\\/muraAosta.jpg\"}},{\"name\":\"\",\"type\":\"overlay-slider_item\",\"props\":{\"image\":\"wp-content\\\/uploads\\\/2021\\\/08\\\/PilaAosta.jpg\"}},{\"name\":\"\",\"type\":\"overlay-slider_item\",\"props\":{\"image\":\"wp-content\\\/uploads\\\/2021\\\/08\\\/teatroRomanoAosta.jpg\"}},{\"name\":\"\",\"type\":\"overlay-slider_item\",\"props\":{\"image\":\"wp-content\\\/uploads\\\/2021\\\/08\\\/teatroRomanoAosta2.jpg\"}},{\"name\":\"\",\"type\":\"overlay-slider_item\",\"props\":{\"image\":\"wp-content\\\/uploads\\\/2021\\\/08\\\/muraAosta2.jpg\"}},{\"name\":\"\",\"type\":\"overlay-slider_item\",\"props\":{\"image\":\"wp-content\\\/uploads\\\/2021\\\/08\\\/aostaInverno.jpg\"}},{\"name\":\"\",\"type\":\"overlay-slider_item\",\"props\":{\"image\":\"wp-content\\\/uploads\\\/2021\\\/08\\\/Aostaneve.jpg\"}},{\"name\":\"\",\"type\":\"overlay-slider_item\",\"props\":{\"image\":\"wp-content\\\/uploads\\\/2021\\\/08\\\/criptoporticoAost.jpg\"}},{\"name\":\"\",\"type\":\"overlay-slider_item\",\"props\":{\"image\":\"wp-content\\\/uploads\\\/2021\\\/08\\\/aostaCattedrale.jpg\"}},{\"name\":\"\",\"type\":\"overlay-slider_item\",\"props\":{\"image\":\"wp-content\\\/uploads\\\/2021\\\/08\\\/aostaPiazzaChanoux.jpg\"}},{\"name\":\"\",\"type\":\"overlay-slider_item\",\"props\":{\"image\":\"wp-content\\\/uploads\\\/2021\\\/08\\\/aostaPiazzaChanoux2.jpg\"}},{\"name\":\"\",\"type\":\"overlay-slider_item\",\"props\":{\"image\":\"wp-content\\\/uploads\\\/2021\\\/08\\\/collinaAosta.jpg\"}},{\"name\":\"\",\"type\":\"overlay-slider_item\",\"props\":{\"image\":\"wp-content\\\/uploads\\\/2021\\\/08\\\/aostaRomana2.jpg\"}},{\"name\":\"\",\"type\":\"overlay-slider_item\",\"props\":{\"image\":\"wp-content\\\/uploads\\\/2021\\\/08\\\/aostaPiazzaChanoux3.jpg\"}},{\"name\":\"\",\"type\":\"overlay-slider_item\",\"props\":{\"image\":\"wp-content\\\/uploads\\\/2021\\\/08\\\/criptoporticoAosta2.jpg\"}}]}]}]}]}],\"version\":\"2.5.9\"} --><\/p>\n","protected":false},"excerpt":{"rendered":"<p>Aoste Avec ses 34.000 habitants, Aoste est non seulement le chef-lieu de la r\u00e9gion, mais aussi la seule ville en Vall\u00e9e d\u2019Aoste. Elle s\u2019\u00e9tend dans une vaste plaine au centre de la r\u00e9gion alpine, entour\u00e9e de hautes montagnes. Connue comme la Rome des Alpes, la ville a \u00e9t\u00e9 fond\u00e9e en 25 av. J.-C. sous le [&hellip;]<\/p>\n","protected":false},"author":1,"featured_media":0,"parent":2451,"menu_order":0,"comment_status":"closed","ping_status":"closed","template":"","meta":{"_seopress_robots_primary_cat":"","_seopress_titles_title":"Aosta - Valle d&#039;Aosta | Green Experience Vall\u00e9e d&#039;Aoste","_seopress_titles_desc":"Nota come la Roma delle Alpi e fondata nel 25 a.C. come Augusta Praetoria, la citt\u00e0 conserva gran parte della cinta muraria originaria e una prestigiosa area archeologica.","_seopress_robots_index":"","footnotes":""},"class_list":["post-2446","page","type-page","status-publish","hentry"],"_links":{"self":[{"href":"https:\/\/www.greenvda.com\/fr\/wp-json\/wp\/v2\/pages\/2446","targetHints":{"allow":["GET"]}}],"collection":[{"href":"https:\/\/www.greenvda.com\/fr\/wp-json\/wp\/v2\/pages"}],"about":[{"href":"https:\/\/www.greenvda.com\/fr\/wp-json\/wp\/v2\/types\/page"}],"author":[{"embeddable":true,"href":"https:\/\/www.greenvda.com\/fr\/wp-json\/wp\/v2\/users\/1"}],"replies":[{"embeddable":true,"href":"https:\/\/www.greenvda.com\/fr\/wp-json\/wp\/v2\/comments?post=2446"}],"version-history":[{"count":8,"href":"https:\/\/www.greenvda.com\/fr\/wp-json\/wp\/v2\/pages\/2446\/revisions"}],"predecessor-version":[{"id":3543,"href":"https:\/\/www.greenvda.com\/fr\/wp-json\/wp\/v2\/pages\/2446\/revisions\/3543"}],"up":[{"embeddable":true,"href":"https:\/\/www.greenvda.com\/fr\/wp-json\/wp\/v2\/pages\/2451"}],"wp:attachment":[{"href":"https:\/\/www.greenvda.com\/fr\/wp-json\/wp\/v2\/media?parent=2446"}],"curies":[{"name":"wp","href":"https:\/\/api.w.org\/{rel}","templated":true}]}}