{"id":2436,"date":"2021-09-01T09:47:17","date_gmt":"2021-09-01T07:47:17","guid":{"rendered":"https:\/\/www.greenvda.com\/trasporti-green\/"},"modified":"2023-03-10T11:43:32","modified_gmt":"2023-03-10T10:43:32","slug":"mobilite-durable","status":"publish","type":"page","link":"https:\/\/www.greenvda.com\/fr\/mobilite-durable\/","title":{"rendered":"Mobilit\u00e9 durable"},"content":{"rendered":"<h1>Mobilit\u00e9 durable<\/h1>\n<div>\n<p>Green Vall\u00e9e d\u2019Aoste vous permet de concevoir vos vacances en Vall\u00e9e d\u2019Aoste en vous d\u00e9pla\u00e7ant en parfaite harmonie avec la nature. La meilleure solution est de arriver en train jusqu\u2019\u00e0 Aoste, o\u00f9 vous pourrez louer l\u2019une de nos BMW i3 enti\u00e8rement \u00e9lectrique, afin de transformer votre voyage en une exp\u00e9rience green.<\/p>\n<p><strong>Tarif : 68,00 euros par jour pour la location d\u2019une BMW i3 comprenant les recharges \u00e9lectriques et l&rsquo; assurance tous risques avec une\u00a0 franchise de 500 euros.<\/strong><\/p>\n<\/p>\n<\/div>\n<h1>Grande vitesse\u00a0 \u00a0 \u2192<\/h1>\n<p><img decoding=\"async\" src=\"\/wp-content\/uploads\/2021\/09\/19-Mobilita.jpeg\" alt=\"\"><\/p>\n<h1>Voiture \u00e9lectrique BMW i3<\/h1>\n<p><img decoding=\"async\" src=\"\/wp-content\/uploads\/2021\/09\/Champoluc.jpg\" alt=\"\"><br \/>\n<img decoding=\"async\" src=\"\/wp-content\/uploads\/2021\/09\/Snapseed-17.jpg\" alt=\"\"><\/p>\n<div>\n<h2>Location de la BMW i3 &#8211; 68\u20ac<\/h2>\n<p>Tarif de location de la BMW i3 par jour, recharges \u00e9lectriques et assurance tous risques comprises.<\/p>\n<\/div>\n<p>\n    <a href=\"\/fr\/mobilite-durable\/location-green-bmw-i3-electriques\/\">DETAILS<\/a>\n<\/p>\n<p><img decoding=\"async\" src=\"\/wp-content\/uploads\/2022\/01\/R-1.jpg\" alt=\"\"><\/p>\n<div>\n<h2>Grande vitesse<\/h2>\n<p>Des lignes de trains \u00e0 grande vitesse permettent de rejoindre Turin au d\u00e9part de la France, de la Belgique ou du Grand Duch\u00e9 de Luxembourg. Beaucoup plus confortable, s\u00e9curisant et Green qu&rsquo;un trajet en voiture.<\/p>\n<\/div>\n<div>\n<h5>Paris (Gare de Lyon) &#8211; Turin &gt; 5h33 (TGV)<br \/>Lyon (Part Dieu) &#8211; Turin &gt; 4h30 (FRECCIAROSSA)<br \/>Bruxelles Midi &#8211; Paris (Gare du Nord) puis Paris (Gare de Lyon) &#8211; Turin &gt; 8h02 (Thalys et TGV)<br \/>Luxembourg &#8211; Paris (Est) puis Paris (Gare de Lyon) &#8211; Turin &gt; 8h04 (TGV)<\/h5>\n<h5>Turin &#8211; Aoste &gt; 1h56<\/h5>\n<\/div>\n<p><img decoding=\"async\" src=\"\/wp-content\/uploads\/2021\/09\/shared-transfer.jpg\" alt=\"\"><\/p>\n<div>\n<h2>Transfert priv\u00e9<\/h2>\n<p>Gr\u00e2ce \u00e0 notre programme de compensations, il est possible de compenser les \u00e9missions d\u2019un transfert traditionnel.<\/p>\n<h5><a href=\"https:\/\/www.greenvda.com\/fr\/programme-de-compensation\/\">Decouvrez\u00a0 l<\/a><a href=\"https:\/\/www.greenvda.com\/fr\/programme-de-compensation\/\">e programme de compensations de Green Vall\u00e9e d&rsquo;Aoste<\/a><\/h5>\n<\/div>\n<div>\n<p>Service de transport des a\u00e9roports et des gares aux h\u00f4tels r\u00e9serv\u00e9s \u00e0 partir de:<br \/><strong>GENEVE\u00a0<\/strong>&gt; 320\u20ac pour chaque voiture<br \/><strong>TORINO <\/strong>&gt; 200\u20ac pour chaque voiture<br \/><strong>MILANO LINATE<\/strong> &gt; 280\u20ac pour chaque voiture<br \/><strong>MILANO STAZIONE CENTRALE\/GARIBALDI<\/strong> &gt; 260\u20ac pour chaque voiture<br \/><strong>MILANO MALPENSA<\/strong> &gt; 240\u20ac pour chaque voiture<\/p>\n<\/div>\n<p><img decoding=\"async\" src=\"\/wp-content\/uploads\/2021\/09\/aquila.jpg\" alt=\"\"><\/p>\n<div>\n<h2>A\u00e9roport de Turin-Caselle<\/h2>\n<p>Avec notre programme de compensations, m\u00eame l&rsquo;avion peut devenir Green.<\/p>\n<\/p>\n<h5><a href=\"https:\/\/www.greenvda.com\/fr\/programme-de-compensation\/\">Decouvrez le programme de compensations de Green Vall\u00e9e d&rsquo;Aoste<\/a><\/h5>\n<\/div>\n<div>\n<p>L&rsquo;a\u00e9roport de Turin Caselle offre de nombreuses liaisons avec les villes europ\u00e9ennes.<\/p>\n<p><strong>Paris &#8211; Turin Caselle &gt; 1h25 (Ryanair)<\/strong><br \/><strong>Bruxelles Sud (Charleroi) &#8211; Turin Caselle &gt; 1h30 (Ryanair)<\/strong><br \/><strong>Londres &#8211; Turin Caselle &gt; 2h00 (Ryanair)<\/strong><\/p>\n<p><strong>Amsterdam &#8211; Francfort &#8211; Munich &#8211; Madrid &#8211; Barcelone &#8211; Valence<\/strong><\/p>\n<\/div>\n<p><!--more--><br \/>\n<!-- {\"name\":\"Post Index\",\"type\":\"layout\",\"children\":[{\"name\":\"Hero\",\"type\":\"section\",\"props\":{\"height_viewport\":false,\"image\":\"\",\"image_effect\":\"parallax\",\"image_parallax_easing\":\"1\",\"image_position\":\"bottom-center\",\"image_size\":\"cover\",\"image_width\":\"2560\",\"media\":\"images\\\/press-header.jpg\",\"media_advanced\":true,\"media_background\":\"#fff\",\"media_size\":\"cover\",\"overlap\":false,\"padding\":\"xlarge\",\"style\":\"primary\",\"title_breakpoint\":\"xl\",\"title_position\":\"top-left\",\"title_rotation\":\"left\",\"vertical_align\":\"\",\"video\":\"<iframe width=\\\"1246\\\" height=\\\"701\\\" src=\\\"https:\\\/\\\/www.youtube.com\\\/embed\\\/NHMkj7aB2do\\\" title=\\\"YouTube video player\\\" frameborder=\\\"0\\\" allow=\\\"accelerometer; autoplay; clipboard-write; encrypted-media; gyroscope; picture-in-picture\\\" allowfullscreen><\\\/iframe>\",\"video_height\":\"1000\",\"video_width\":\"1000\",\"width\":\"large\"},\"children\":[{\"name\":\"\",\"type\":\"row\",\"children\":[{\"name\":\"\",\"type\":\"column\",\"props\":{\"image_position\":\"center-center\",\"media_overlay_gradient\":\"\",\"position_sticky_breakpoint\":\"m\",\"width_medium\":\"1-1\"},\"children\":[{\"name\":\"\",\"type\":\"headline\",\"props\":{\"animation\":\"none\",\"content\":\"Mobilit\\u00e9 durable\",\"margin_remove_top\":true,\"parallax_breakpoint\":\"m\",\"parallax_y\":\"50,0\",\"text_align\":\"left\",\"title_element\":\"h1\",\"title_style\":\"heading-xlarge\"}}]}]}]},{\"type\":\"section\",\"props\":{\"image_position\":\"center-center\",\"style\":\"muted\",\"title_breakpoint\":\"xl\",\"title_position\":\"top-left\",\"title_rotation\":\"left\",\"vertical_align\":\"middle\",\"width\":\"default\"},\"children\":[{\"type\":\"row\",\"props\":{\"layout\":\"1-2,1-2\"},\"children\":[{\"type\":\"column\",\"props\":{\"image_position\":\"center-center\",\"media_overlay_gradient\":\"\",\"position_sticky_breakpoint\":\"m\",\"width_medium\":\"1-1\"},\"children\":[]},{\"type\":\"column\",\"props\":{\"image_position\":\"center-center\",\"media_overlay_gradient\":\"\",\"position_sticky_breakpoint\":\"m\",\"width_medium\":\"1-1\"},\"children\":[{\"name\":\"\",\"type\":\"text\",\"props\":{\"animation\":\"none\",\"column_breakpoint\":\"m\",\"content\":\"\n\n<p>Green Vall\\u00e9e d\\u2019Aoste vous permet de concevoir vos vacances en Vall\\u00e9e d\\u2019Aoste en vous d\\u00e9pla\\u00e7ant en parfaite harmonie avec la nature. La meilleure solution est de arriver en train jusqu\\u2019\\u00e0 Aoste, o\\u00f9 vous pourrez louer l\\u2019une de nos BMW i3 enti\\u00e8rement \\u00e9lectrique, afin de transformer votre voyage en une exp\\u00e9rience green.<\\\/p>\\n\n\n<p><strong>Tarif : 68,00 euros par jour pour la location d\\u2019une BMW i3 comprenant les recharges \\u00e9lectriques et l' assurance tous risques avec une\\u00a0 franchise de 500 euros.<\\\/strong><\\\/p>\\n\n\n<p><\\\/p>\",\"margin\":\"\",\"parallax_breakpoint\":\"m\",\"parallax_y\":\"50,0\",\"text_align\":\"left\",\"text_style\":\"large\"}}]}]}]},{\"type\":\"section\",\"props\":{\"image_position\":\"center-center\",\"style\":\"muted\",\"title_breakpoint\":\"xl\",\"title_position\":\"top-left\",\"title_rotation\":\"left\",\"vertical_align\":\"middle\",\"width\":\"default\"},\"children\":[{\"type\":\"row\",\"props\":{\"layout\":\"1-2,1-2\"},\"children\":[{\"type\":\"column\",\"props\":{\"image_position\":\"center-center\",\"media_overlay_gradient\":\"\",\"position_sticky_breakpoint\":\"m\",\"width_medium\":\"1-2\"},\"children\":[{\"type\":\"headline\",\"props\":{\"content\":\"Grande vitesse\\u00a0 \\u00a0 \\u2192\",\"title_element\":\"h1\"}},{\"type\":\"image\",\"props\":{\"image\":\"wp-content\\\/uploads\\\/2021\\\/09\\\/19-Mobilita.jpeg\",\"image_height\":\"350\",\"image_svg_color\":\"emphasis\",\"image_width\":\"350\",\"margin\":\"default\"}}]},{\"type\":\"column\",\"props\":{\"image_position\":\"center-center\",\"media_overlay_gradient\":\"\",\"position_sticky_breakpoint\":\"m\",\"width_medium\":\"1-2\"},\"children\":[{\"type\":\"headline\",\"props\":{\"content\":\"Voiture \\u00e9lectrique BMW i3\",\"title_element\":\"h1\"}},{\"type\":\"image\",\"props\":{\"image\":\"wp-content\\\/uploads\\\/2021\\\/09\\\/Champoluc.jpg\",\"image_height\":\"350\",\"image_svg_color\":\"emphasis\",\"image_width\":\"350\",\"margin\":\"default\"}}]}]}]},{\"type\":\"section\",\"props\":{\"image_position\":\"center-center\",\"style\":\"default\",\"title_breakpoint\":\"xl\",\"title_position\":\"top-left\",\"title_rotation\":\"left\",\"vertical_align\":\"middle\",\"width\":\"default\"},\"children\":[{\"type\":\"row\",\"children\":[{\"type\":\"column\",\"props\":{\"image_position\":\"center-center\",\"media_overlay_gradient\":\"\",\"position_sticky_breakpoint\":\"m\",\"width_medium\":\"1-3\"},\"children\":[{\"type\":\"image\",\"props\":{\"image\":\"wp-content\\\/uploads\\\/2021\\\/09\\\/Snapseed-17.jpg\",\"image_height\":\"350\",\"image_svg_color\":\"emphasis\",\"image_width\":\"350\",\"margin\":\"default\"}}]},{\"type\":\"column\",\"props\":{\"image_position\":\"center-center\",\"media_overlay_gradient\":\"\",\"position_sticky_breakpoint\":\"m\",\"vertical_align\":\"middle\",\"width_medium\":\"2-3\"},\"children\":[{\"type\":\"text\",\"props\":{\"column_breakpoint\":\"m\",\"content\":\"\n\n<h2>Location de la BMW i3 - 68\\u20ac<\\\/h2>\\n\n\n<p>Tarif de location de la BMW i3 par jour, recharges \\u00e9lectriques et assurance tous risques comprises.<\\\/p>\",\"margin\":\"default\"}},{\"type\":\"button\",\"props\":{\"grid_column_gap\":\"small\",\"grid_row_gap\":\"small\",\"margin\":\"default\"},\"children\":[{\"type\":\"button_item\",\"props\":{\"button_style\":\"primary\",\"content\":\"DETAILS\",\"icon_align\":\"left\",\"link\":\"fr\\\/mobilite-durable\\\/location-green-bmw-i3-electriques\\\/\"}}]}]}],\"props\":{\"layout\":\"1-3,2-3\",\"match\":true}},{\"type\":\"row\",\"children\":[{\"type\":\"column\",\"props\":{\"image_position\":\"center-center\",\"media_overlay_gradient\":\"\",\"position_sticky_breakpoint\":\"m\",\"vertical_align\":\"middle\",\"width_medium\":\"1-3\"},\"children\":[{\"type\":\"image\",\"props\":{\"image\":\"wp-content\\\/uploads\\\/2022\\\/01\\\/R-1.jpg\",\"image_height\":\"350\",\"image_svg_color\":\"emphasis\",\"image_width\":\"350\",\"margin\":\"default\"}}]},{\"type\":\"column\",\"props\":{\"image_position\":\"center-center\",\"media_overlay_gradient\":\"\",\"position_sticky_breakpoint\":\"m\",\"vertical_align\":\"middle\",\"width_medium\":\"2-3\"},\"children\":[{\"type\":\"text\",\"props\":{\"column_breakpoint\":\"m\",\"content\":\"\n\n<h2>Grande vitesse<\\\/h2>\\n\n\n<p>Des lignes de trains \\u00e0 grande vitesse permettent de rejoindre Turin au d\\u00e9part de la France, de la Belgique ou du Grand Duch\\u00e9 de Luxembourg. Beaucoup plus confortable, s\\u00e9curisant et Green qu'un trajet en voiture.<\\\/p>\",\"margin\":\"default\"}},{\"type\":\"text\",\"props\":{\"column\":\"1-2\",\"column_breakpoint\":\"m\",\"column_divider\":false,\"content\":\"\n\n<h5>Paris (Gare de Lyon) - Turin &gt; 5h33 (TGV)<br \\\/>Lyon (Part Dieu) - Turin &gt; 4h30 (FRECCIAROSSA)<br \\\/>Bruxelles Midi - Paris (Gare du Nord) puis Paris (Gare de Lyon) - Turin &gt; 8h02 (Thalys et TGV)<br \\\/>Luxembourg - Paris (Est) puis Paris (Gare de Lyon) - Turin &gt; 8h04 (TGV)<\\\/h5>\\n\n\n<h5>Turin - Aoste &gt; 1h56<\\\/h5>\",\"margin\":\"default\"}}]}],\"props\":{\"layout\":\"1-3,2-3\",\"match\":true}},{\"type\":\"row\",\"children\":[{\"type\":\"column\",\"props\":{\"image_position\":\"center-center\",\"media_overlay_gradient\":\"\",\"position_sticky_breakpoint\":\"m\",\"vertical_align\":\"middle\",\"width_medium\":\"1-3\"},\"children\":[{\"type\":\"image\",\"props\":{\"image\":\"wp-content\\\/uploads\\\/2021\\\/09\\\/shared-transfer.jpg\",\"image_height\":\"350\",\"image_svg_color\":\"emphasis\",\"image_width\":\"350\",\"margin\":\"default\"}}]},{\"type\":\"column\",\"props\":{\"image_position\":\"center-center\",\"media_overlay_gradient\":\"\",\"position_sticky_breakpoint\":\"m\",\"vertical_align\":\"middle\",\"width_medium\":\"2-3\"},\"children\":[{\"type\":\"text\",\"props\":{\"column_breakpoint\":\"m\",\"content\":\"\n\n<h2>Transfert priv\\u00e9<\\\/h2>\\n\n\n<p>Gr\\u00e2ce \\u00e0 notre programme de compensations, il est possible de compenser les \\u00e9missions d\\u2019un transfert traditionnel.<\\\/p>\\n\n\n<h5><a href=\\\"https:\\\/\\\/www.greenvda.com\\\/fr\\\/programme-de-compensation\\\/\\\">Decouvrez\\u00a0 l<\\\/a><a href=\\\"https:\\\/\\\/www.greenvda.com\\\/fr\\\/programme-de-compensation\\\/\\\">e programme de compensations de Green Vall\\u00e9e d'Aoste<\\\/a><\\\/h5>\",\"margin\":\"default\"}},{\"type\":\"text\",\"props\":{\"column_breakpoint\":\"m\",\"column_divider\":false,\"content\":\"\n\n<p>Service de transport des a\\u00e9roports et des gares aux h\\u00f4tels r\\u00e9serv\\u00e9s \\u00e0 partir de:<br \\\/><strong>GENEVE\\u00a0<\\\/strong>&gt; 320\\u20ac pour chaque voiture<br \\\/><strong>TORINO <\\\/strong>&gt; 200\\u20ac pour chaque voiture<br \\\/><strong>MILANO LINATE<\\\/strong> &gt; 280\\u20ac pour chaque voiture<br \\\/><strong>MILANO STAZIONE CENTRALE\\\/GARIBALDI<\\\/strong> &gt; 260\\u20ac pour chaque voiture<br \\\/><strong>MILANO MALPENSA<\\\/strong> &gt; 240\\u20ac pour chaque voiture<br \\\/><br \\\/><\\\/p>\",\"margin\":\"default\"}}]}],\"props\":{\"layout\":\"1-3,2-3\",\"match\":true}},{\"type\":\"row\",\"children\":[{\"type\":\"column\",\"props\":{\"image_position\":\"center-center\",\"media_overlay_gradient\":\"\",\"position_sticky_breakpoint\":\"m\",\"vertical_align\":\"middle\",\"width_medium\":\"1-3\"},\"children\":[{\"type\":\"image\",\"props\":{\"image\":\"wp-content\\\/uploads\\\/2021\\\/09\\\/aquila.jpg\",\"image_height\":\"350\",\"image_svg_color\":\"emphasis\",\"image_width\":\"350\",\"margin\":\"default\"}}]},{\"type\":\"column\",\"props\":{\"image_position\":\"center-center\",\"media_overlay_gradient\":\"\",\"position_sticky_breakpoint\":\"m\",\"vertical_align\":\"middle\",\"width_medium\":\"2-3\"},\"children\":[{\"type\":\"text\",\"props\":{\"column_breakpoint\":\"m\",\"content\":\"\n\n<h2>A\\u00e9roport de Turin-Caselle<\\\/h2>\\n\n\n<p>Avec notre programme de compensations, m\\u00eame l'avion peut devenir Green.<\\\/p>\\n\n\n<p><\\\/p>\\n\n\n<h5><a href=\\\"https:\\\/\\\/www.greenvda.com\\\/fr\\\/programme-de-compensation\\\/\\\">Decouvrez le programme de compensations de Green Vall\\u00e9e d'Aoste<\\\/a><\\\/h5>\",\"margin\":\"default\"}},{\"type\":\"text\",\"props\":{\"column_breakpoint\":\"m\",\"column_divider\":false,\"content\":\"\n\n<p>L'a\\u00e9roport de Turin Caselle offre de nombreuses liaisons avec les villes europ\\u00e9ennes.<\\\/p>\\n\n\n<p><strong>Paris - Turin Caselle &gt; 1h25 (Ryanair)<\\\/strong><br \\\/><strong>Bruxelles Sud (Charleroi) - Turin Caselle &gt; 1h30 (Ryanair)<\\\/strong><br \\\/><strong>Londres - Turin Caselle &gt; 2h00 (Ryanair)<\\\/strong><\\\/p>\\n\n\n<p><strong>Amsterdam - Francfort - Munich - Madrid - Barcelone - Valence<\\\/strong><br \\\/><br \\\/><\\\/p>\",\"margin\":\"default\"}}]}],\"props\":{\"layout\":\"1-3,2-3\",\"match\":true}}],\"name\":\"Posts\"}],\"version\":\"3.0.17\"} --><\/p>\n","protected":false},"excerpt":{"rendered":"<p>Mobilit\u00e9 durable Green Vall\u00e9e d\u2019Aoste vous permet de concevoir vos vacances en Vall\u00e9e d\u2019Aoste en vous d\u00e9pla\u00e7ant en parfaite harmonie avec la nature. La meilleure solution est de arriver en train jusqu\u2019\u00e0 Aoste, o\u00f9 vous pourrez louer l\u2019une de nos BMW i3 enti\u00e8rement \u00e9lectrique, afin de transformer votre voyage en une exp\u00e9rience green. Tarif : [&hellip;]<\/p>\n","protected":false},"author":1,"featured_media":0,"parent":0,"menu_order":0,"comment_status":"closed","ping_status":"closed","template":"","meta":{"_seopress_robots_primary_cat":"","_seopress_titles_title":"Trasporti Green | Green Experience Vall\u00e9e d&#039;Aoste","_seopress_titles_desc":"Green Valle d&#039;Aosta consente di progettare una vacanza in Valle D&#039;Aosta muovendosi in totale sintonia con la natura. Clicca qui per maggiori informazioni!","_seopress_robots_index":"","footnotes":""},"class_list":["post-2436","page","type-page","status-publish","hentry"],"_links":{"self":[{"href":"https:\/\/www.greenvda.com\/fr\/wp-json\/wp\/v2\/pages\/2436","targetHints":{"allow":["GET"]}}],"collection":[{"href":"https:\/\/www.greenvda.com\/fr\/wp-json\/wp\/v2\/pages"}],"about":[{"href":"https:\/\/www.greenvda.com\/fr\/wp-json\/wp\/v2\/types\/page"}],"author":[{"embeddable":true,"href":"https:\/\/www.greenvda.com\/fr\/wp-json\/wp\/v2\/users\/1"}],"replies":[{"embeddable":true,"href":"https:\/\/www.greenvda.com\/fr\/wp-json\/wp\/v2\/comments?post=2436"}],"version-history":[{"count":13,"href":"https:\/\/www.greenvda.com\/fr\/wp-json\/wp\/v2\/pages\/2436\/revisions"}],"predecessor-version":[{"id":4109,"href":"https:\/\/www.greenvda.com\/fr\/wp-json\/wp\/v2\/pages\/2436\/revisions\/4109"}],"wp:attachment":[{"href":"https:\/\/www.greenvda.com\/fr\/wp-json\/wp\/v2\/media?parent=2436"}],"curies":[{"name":"wp","href":"https:\/\/api.w.org\/{rel}","templated":true}]}}