{"id":2419,"date":"2021-08-10T13:53:48","date_gmt":"2021-08-10T11:53:48","guid":{"rendered":"https:\/\/www.greenvda.com\/__trashed\/"},"modified":"2026-01-14T17:58:35","modified_gmt":"2026-01-14T16:58:35","slug":"__trashed","status":"publish","type":"page","link":"https:\/\/www.greenvda.com\/fr\/","title":{"rendered":"Home page"},"content":{"rendered":"<h1>\n<h6>.<\/p>\n<\/h6>\n<\/h1>\n<div>\n<p dir=\"ltr\" class=\"CDt4Ke zfr3Q\"><span class=\" jgG6ef\"><strong>Toute l&rsquo;authenticit\u00e9 de la Vall\u00e9e d\u2019Aoste: <br \/>culture, <\/strong><\/span><span class=\" jgG6ef\"><strong>terroir, <\/strong><\/span><span class=\" jgG6ef\"><strong>\u0153nologie, gastronomie et durabilit\u00e9<\/strong><\/span><\/p>\n<\/div>\n<h2>\n<p dir=\"ltr\" class=\"CDt4Ke zfr3Q\"><b>Green Vall\u00e9e d&rsquo;Aoste<\/b><\/p>\n<\/h2>\n<h2>\n<h1 dir=\"ltr\" class=\"CDt4Ke zfr3Q\">Contactez-nous pour organiser vos vacances<\/h1>\n<\/h2>\n<div>\n<p dir=\"ltr\">Nous sommes un groupe de vald\u00f4tains et d&rsquo;amoureux de la Vall\u00e9e qui souhaitent mettre leur exp\u00e9rience \u00e0 votre disposition.<\/p>\n<p dir=\"ltr\">Avec notre tour op\u00e9rateur et agence de voyage, on peut organiser avec vous et de mani\u00e8re professionnelle, des vacances s\u00fbres, durables et riches en \u00e9motions.<\/p>\n<ul class=\"n8H08c UVNKR\">\n<li dir=\"ltr\" class=\"TYR86d wXCUfe zfr3Q\">\n<p dir=\"ltr\" class=\"CDt4Ke zfr3Q\">H\u00f4tels, r\u00e9sidences et chambres d&rsquo;h\u00f4tes \u00e9co-durables<\/p>\n<\/li>\n<li dir=\"ltr\" class=\"TYR86d wXCUfe zfr3Q\">\n<p dir=\"ltr\" class=\"CDt4Ke zfr3Q\">Visites des exploitations agricoles locales<\/p>\n<\/li>\n<li dir=\"ltr\" class=\"TYR86d wXCUfe zfr3Q\">\n<p dir=\"ltr\" class=\"CDt4Ke zfr3Q\">V\u00e9los \u00e9lectriques, trekking, rafting, vol, ski, SkyWay, culture et histoire<\/p>\n<\/li>\n<li dir=\"ltr\" class=\"TYR86d wXCUfe zfr3Q\">\n<p dir=\"ltr\" class=\"CDt4Ke zfr3Q\"><span><\/span>Spa et bien-\u00eatre<\/p>\n<\/li>\n<li dir=\"ltr\" class=\"TYR86d wXCUfe zfr3Q\">\n<p dir=\"ltr\" class=\"CDt4Ke zfr3Q\">Restaurants\u00a0 de cuisine locale<\/p>\n<\/li>\n<li dir=\"ltr\" class=\"TYR86d wXCUfe zfr3Q\">\n<p dir=\"ltr\" class=\"CDt4Ke zfr3Q\">Location de voitures \u00e9lectriques BMW i3 \u00e0 des prix comp\u00e9titifs<\/p>\n<\/li>\n<\/ul>\n<\/div>\n<hr>\n<div>Nos destinations green<\/div>\n<h2>D\u00e9couvrez la Vall\u00e9e d&rsquo;Aoste<\/h2>\n<ul>\n<li>\n<p>        <img decoding=\"async\" src=\"\/wp-content\/uploads\/2021\/08\/courmayeur-1.jpg\" alt=\"\"><\/p>\n<div>Courmayeur<\/div>\n<p><a href=\"https:\/\/www.greenvda.com\/fr\/vallee-daoste\/courmayeur\/\"><\/a><\/p>\n<\/li>\n<li>\n<p>        <img decoding=\"async\" src=\"\/wp-content\/uploads\/2021\/08\/cervinia-1.jpg\" alt=\"\"><\/p>\n<div>Cervinia<\/div>\n<p><a href=\"https:\/\/www.greenvda.com\/fr\/vallee-daoste\/cervinia\/\"><\/a><\/p>\n<\/li>\n<li>\n<p>        <img decoding=\"async\" src=\"\/wp-content\/uploads\/2022\/01\/gressoney-quadrata.jpg\" alt=\"\"><\/p>\n<div>Gressoney<\/div>\n<p><a href=\"https:\/\/www.greenvda.com\/fr\/vallee-daoste\/gressoney\/\"><\/a><\/p>\n<\/li>\n<li>\n<p>        <img decoding=\"async\" src=\"\/wp-content\/uploads\/2022\/01\/champoluc-quadrata-1.jpg\" alt=\"\"><\/p>\n<div>Champoluc<\/div>\n<p><a href=\"https:\/\/www.greenvda.com\/fr\/vallee-daoste\/champoluc\/\"><\/a><\/p>\n<\/li>\n<li>\n<p>        <img decoding=\"async\" src=\"\/wp-content\/uploads\/2022\/01\/Cogne-quadrata.jpg\" alt=\"\"><\/p>\n<div>Cogne<\/div>\n<p><a href=\"https:\/\/www.greenvda.com\/fr\/vallee-daoste\/cogne\/\"><\/a><\/p>\n<\/li>\n<li>\n<p>        <img decoding=\"async\" src=\"\/wp-content\/uploads\/2021\/08\/aosta.jpg\" alt=\"\"><\/p>\n<div>Aosta<\/div>\n<p><a href=\"https:\/\/www.greenvda.com\/fr\/vallee-daoste\/aoste\/\"><\/a><\/p>\n<\/li>\n<li>\n<p>        <img decoding=\"async\" src=\"\/wp-content\/uploads\/2022\/01\/Casino-quadrata.jpg\" alt=\"\"><\/p>\n<div>Saint-Vincent<\/div>\n<p><a href=\"https:\/\/www.greenvda.com\/fr\/vallee-daoste\/saint-vincent\/\"><\/a><\/p>\n<\/li>\n<\/ul>\n<h2>\n<p>Pour vos vacances en Vall\u00e9e d\u2019Aoste, <br \/>faites-nous confiance<\/p>\n<\/h2>\n<ul>\n<li>\n<p>        <img decoding=\"async\" src=\"\/wp-content\/uploads\/2021\/08\/hotelGreenValledAosta.jpg\" alt=\"\"><\/p>\n<h3>H\u00f4tels, r\u00e9sidences et chambres d\u2019h\u00f4tes \u00e9co-durables<\/h3>\n<p><a href=\"https:\/\/www.greenvda.com\/fr\/ou-dormir\/\">En savoir plus<\/a><\/p>\n<\/li>\n<li>\n<p>        <img decoding=\"async\" src=\"\/wp-content\/uploads\/2021\/08\/ristorantiKmzero.jpg\" alt=\"\"><\/p>\n<h3>Restaurants\u00a0o\u00f9 manger local<\/h3>\n<p><a href=\"https:\/\/www.greenvda.com\/fr\/restaurants-ou-manger-local\/\">En savoir plus<\/a><\/p>\n<\/li>\n<li>\n<p>        <img decoding=\"async\" src=\"\/wp-content\/uploads\/2021\/08\/esperienzeGreenVda.jpg\" alt=\"\"><\/p>\n<h3>Maisons agricoles<\/h3>\n<p><a href=\"https:\/\/www.greenvda.com\/fr\/maison-agricoles\/\">En savoir plus<\/a><\/p>\n<\/li>\n<li>\n<p>        <img decoding=\"async\" src=\"\/wp-content\/uploads\/2021\/08\/frecciarossa-sapri.jpg\" alt=\"\"><\/p>\n<h3>Mobilit\u00e9 durable<\/h3>\n<p><a href=\"https:\/\/www.greenvda.com\/fr\/mobilite-durable\/\">En savoir plus<\/a><\/p>\n<\/li>\n<li>\n<p>        <img decoding=\"async\" src=\"\/wp-content\/uploads\/2021\/08\/noleggioAutoElettricheVda.jpg\" alt=\"\"><\/p>\n<h3>Location voitures \u00e9lectriques<\/h3>\n<p><a href=\"https:\/\/www.greenvda.com\/fr\/mobilite-durable\/location-green-bmw-i3-electriques\/\">En savoir plus<\/a><\/p>\n<\/li>\n<li>\n<p>        <img decoding=\"async\" src=\"\/wp-content\/uploads\/2021\/08\/attivitaOutdoorGreen.jpg\" alt=\"\"><\/p>\n<h3>Exp\u00e9riences Green <\/h3>\n<p><a href=\"https:\/\/www.greenvda.com\/fr\/green-experiences\/\">En savoir plus<\/a><\/p>\n<\/li>\n<li>\n<p>        <img decoding=\"async\" src=\"\/wp-content\/uploads\/2021\/08\/itinerariGreen.jpg\" alt=\"\"><\/p>\n<h3>Itin\u00e9raires Green<\/h3>\n<p><a href=\"https:\/\/www.greenvda.com\/fr\/itineraires-green\/\">En savoir plus<\/a><\/p>\n<\/li>\n<li>\n<p>        <img decoding=\"async\" src=\"\/wp-content\/uploads\/2021\/08\/emissioniCo2.jpg\" alt=\"\"><\/p>\n<h3>Compensez les \u00e9missions<\/h3>\n<p><a href=\"https:\/\/www.greenvda.com\/fr\/programme-de-compensation\/\">En savoir plus<\/a><\/p>\n<\/li>\n<\/ul>\n<h2>Un r\u00eave durable<\/h2>\n<div>\n<p><strong>Green Vall\u00e9e d\u2019Aoste<\/strong> est un projet n\u00e9 de l\u2019id\u00e9e d\u2019impliquer les touristes dans un parcours vertueux qui fait de la mobilit\u00e9 durable la meilleure fa\u00e7on pour visiter la Vall\u00e9e d\u2019Aoste, en les stimulant \u00e0 d\u00e9couvrir le territoire vald\u00f4tain dans toute son authenticit\u00e9. <strong>Green Vall\u00e9e d\u2019Aoste<\/strong> est un voyagiste et un r\u00e9seau d\u2019entreprises constitu\u00e9 par Alpine Green Experience, qui loue des voitures \u00e9lectriques, ainsi que par sept exploitations agricoles et maisons d\u2019artisanat locales, qui repr\u00e9sentent \u00e0 la perfection la <strong>culture et la tradition de l\u2019endroit en termes de gastronomie et d\u2019\u0153nologie.<\/strong><\/p>\n<p style=\"text-align: left;\"><em>Fonds europ\u00e9en agricole pour le d\u00e9veloppement rural<\/em> : l\u2019Europe investit dans les zones rurales. Le r\u00e9seau d\u2019entreprises Green Vall\u00e9e d\u2019Aoste a b\u00e9n\u00e9fici\u00e9 des aides pr\u00e9vues par le Programme de d\u00e9veloppement rural de la Vall\u00e9e d\u2019Aoste 2014\/2020. <em>Autorit\u00e9 de gestion<\/em> : R\u00e9gion autonome Vall\u00e9e d\u2019Aoste, Assessorat de l\u2019agriculture et des ressources naturelles, structure politiques r\u00e9gionales de d\u00e9veloppement rural. <em>Sujet responsable de l\u2019information<\/em>: Green Vall\u00e9e D\u2019Aoste<\/p>\n<\/div>\n<p><img decoding=\"async\" src=\"\/wp-content\/uploads\/2021\/08\/loghi_fondo-europeo.jpg\" alt=\"\"><\/p>\n<h3>Notre partenaire pour la production de l&rsquo;\u00e9n\u00e9rgie renouvelable<\/h3>\n<p><img decoding=\"async\" src=\"\/wp-content\/uploads\/2021\/08\/bannerCvs.jpg\" alt=\"\"><\/p>\n<p><!--more--><br \/>\n<!-- {\"name\":\"Home\",\"type\":\"layout\",\"children\":[{\"type\":\"section\",\"props\":{\"header_transparent_noplaceholder\":true,\"height\":\"pixels\",\"image_position\":\"center-center\",\"overlap\":false,\"padding\":\"large\",\"padding_remove_top\":false,\"style\":\"default\",\"title_breakpoint\":\"xl\",\"title_position\":\"top-left\",\"title_rotation\":\"left\",\"vertical_align\":\"\",\"video\":\"wp-content\\\/uploads\\\/2025\\\/11\\\/Progetto-senza-titolo.mp4\",\"video_height\":\"1000\",\"video_width\":\"1000\",\"width\":\"default\"},\"children\":[{\"type\":\"row\",\"children\":[{\"type\":\"column\",\"props\":{\"image_position\":\"center-center\",\"position_sticky_breakpoint\":\"m\"},\"children\":[{\"type\":\"headline\",\"props\":{\"content\":\"\n\n<h6>.<br \\\/><br \\\/><br \\\/><br \\\/><br \\\/><br \\\/><br \\\/><br \\\/><br \\\/><br \\\/><br \\\/><br \\\/><\\\/h6>\",\"title_color\":\"secondary\",\"title_element\":\"h1\",\"title_style\":\"heading-large\"}}]}]}]},{\"type\":\"section\",\"props\":{\"image\":\"wp-content\\\/uploads\\\/2025\\\/01\\\/Home-inverno.jpg\",\"image_position\":\"center-center\",\"media_visibility\":\"s\",\"overlap\":true,\"padding\":\"small\",\"style\":\"default\",\"title_breakpoint\":\"xl\",\"title_position\":\"top-left\",\"title_rotation\":\"left\",\"vertical_align\":\"\",\"width\":\"default\"},\"children\":[{\"type\":\"row\",\"children\":[{\"type\":\"column\",\"props\":{\"image_position\":\"center-center\",\"position_sticky_breakpoint\":\"m\",\"width_medium\":\"1-1\"},\"children\":[{\"type\":\"headline\",\"props\":{\"content\":\"\n\n<p dir=\\\"ltr\\\" class=\\\"CDt4Ke zfr3Q\\\"><span class=\\\" jgG6ef\\\"><strong>Toute l'authenticit\\u00e9 de la Vall\\u00e9e d\\u2019Aoste: <br \\\/>culture, <\\\/strong><\\\/span><span class=\\\" jgG6ef\\\"><strong>terroir, <\\\/strong><\\\/span><span class=\\\" jgG6ef\\\"><strong>\\u0153nologie, gastronomie et durabilit\\u00e9<\\\/strong><\\\/span><\\\/p>\",\"title_color\":\"primary\",\"title_element\":\"div\",\"title_style\":\"h4\"}},{\"type\":\"headline\",\"props\":{\"animation\":\"slide-left-small\",\"block_align\":\"center\",\"content\":\"\n\n<p dir=\\\"ltr\\\" class=\\\"CDt4Ke zfr3Q\\\"><b>Green Vall\\u00e9e d'Aoste<\\\/b><\\\/p>\",\"margin_remove_top\":true,\"title_element\":\"h2\",\"title_style\":\"heading-large\"}},{\"type\":\"headline\",\"props\":{\"animation\":\"slide-left-small\",\"block_align\":\"center\",\"content\":\"\n\n<h1 dir=\\\"ltr\\\" class=\\\"CDt4Ke zfr3Q\\\">Contactez-nous pour organiser vos vacances<\\\/h1>\",\"margin_remove_top\":true,\"title_element\":\"h2\",\"title_style\":\"heading-large\"}}]}]},{\"type\":\"row\",\"props\":{\"layout\":\"2-3,1-3\"},\"children\":[{\"type\":\"column\",\"props\":{\"image_position\":\"center-center\",\"position_sticky_breakpoint\":\"m\",\"width_medium\":\"2-3\"},\"children\":[{\"type\":\"text\",\"props\":{\"column_breakpoint\":\"m\",\"content\":\"\n\n<p dir=\\\"ltr\\\">Nous sommes un groupe de vald\\u00f4tains et d'amoureux de la Vall\\u00e9e qui souhaitent mettre leur exp\\u00e9rience \\u00e0 votre disposition.<\\\/p>\\n\n\n<p dir=\\\"ltr\\\">Avec notre tour op\\u00e9rateur et agence de voyage, on peut organiser avec vous et de mani\\u00e8re professionnelle, des vacances s\\u00fbres, durables et riches en \\u00e9motions.<\\\/p>\\n\n\n<ul class=\\\"n8H08c UVNKR\\\">\\n\n\n<li dir=\\\"ltr\\\" class=\\\"TYR86d wXCUfe zfr3Q\\\">\\n\n\n<p dir=\\\"ltr\\\" class=\\\"CDt4Ke zfr3Q\\\">H\\u00f4tels, r\\u00e9sidences et chambres d'h\\u00f4tes \\u00e9co-durables<\\\/p>\\n<\\\/li>\\n\n\n<li dir=\\\"ltr\\\" class=\\\"TYR86d wXCUfe zfr3Q\\\">\\n\n\n<p dir=\\\"ltr\\\" class=\\\"CDt4Ke zfr3Q\\\">Visites des exploitations agricoles locales<\\\/p>\\n<\\\/li>\\n\n\n<li dir=\\\"ltr\\\" class=\\\"TYR86d wXCUfe zfr3Q\\\">\\n\n\n<p dir=\\\"ltr\\\" class=\\\"CDt4Ke zfr3Q\\\">V\\u00e9los \\u00e9lectriques, trekking, rafting, vol, ski, SkyWay, culture et histoire<\\\/p>\\n<\\\/li>\\n\n\n<li dir=\\\"ltr\\\" class=\\\"TYR86d wXCUfe zfr3Q\\\">\\n\n\n<p dir=\\\"ltr\\\" class=\\\"CDt4Ke zfr3Q\\\"><span><\\\/span>Spa et bien-\\u00eatre<\\\/p>\\n<\\\/li>\\n\n\n<li dir=\\\"ltr\\\" class=\\\"TYR86d wXCUfe zfr3Q\\\">\\n\n\n<p dir=\\\"ltr\\\" class=\\\"CDt4Ke zfr3Q\\\">Restaurants\\u00a0 de cuisine locale<\\\/p>\\n<\\\/li>\\n\n\n<li dir=\\\"ltr\\\" class=\\\"TYR86d wXCUfe zfr3Q\\\">\\n\n\n<p dir=\\\"ltr\\\" class=\\\"CDt4Ke zfr3Q\\\">Location de voitures \\u00e9lectriques BMW i3 \\u00e0 des prix comp\\u00e9titifs<\\\/p>\\n<\\\/li>\\n<\\\/ul>\",\"margin\":\"\",\"margin_remove_bottom\":false,\"maxwidth\":\"xlarge\",\"maxwidth_breakpoint\":\"s\"}}]},{\"type\":\"column\",\"props\":{\"image_position\":\"center-center\",\"position_sticky_breakpoint\":\"m\",\"width_medium\":\"1-3\"}}]}]},{\"type\":\"section\",\"props\":{\"image_position\":\"center-center\",\"status\":\"disabled\",\"style\":\"default\",\"title_breakpoint\":\"xl\",\"title_position\":\"top-left\",\"title_rotation\":\"left\",\"vertical_align\":\"middle\",\"width\":\"default\"},\"children\":[{\"type\":\"row\",\"children\":[{\"type\":\"column\",\"props\":{\"image_position\":\"center-center\",\"position_sticky_breakpoint\":\"m\"},\"children\":[{\"type\":\"headline\",\"props\":{\"content\":\"<strong>Caves Gourmandes 2025<\\\/strong>\",\"margin_remove_top\":false,\"position\":\"relative\",\"position_top\":\"-60\",\"text_align\":\"center\",\"title_element\":\"h6\",\"title_style\":\"heading-medium\"}},{\"type\":\"grid\",\"props\":{\"content_column_breakpoint\":\"m\",\"filter_align\":\"left\",\"filter_all\":true,\"filter_grid_breakpoint\":\"m\",\"filter_grid_width\":\"auto\",\"filter_position\":\"top\",\"filter_style\":\"tab\",\"grid_column_align\":false,\"grid_default\":\"1\",\"grid_medium\":\"\",\"grid_row_align\":false,\"grid_small\":\"1\",\"icon_width\":80,\"image_align\":\"top\",\"image_grid_breakpoint\":\"m\",\"image_grid_width\":\"1-2\",\"image_height\":\"400\",\"image_svg_color\":\"emphasis\",\"image_width\":\"500\",\"item_animation\":true,\"lightbox_bg_close\":true,\"link_style\":\"default\",\"link_text\":\"En savoir plus\",\"margin\":\"default\",\"meta_align\":\"below-title\",\"meta_element\":\"div\",\"meta_style\":\"text-meta\",\"show_content\":true,\"show_hover_image\":true,\"show_hover_video\":true,\"show_image\":true,\"show_link\":true,\"show_meta\":true,\"show_title\":true,\"show_video\":true,\"text_align\":\"center\",\"title_align\":\"top\",\"title_element\":\"h3\",\"title_grid_breakpoint\":\"m\",\"title_grid_width\":\"1-2\",\"title_hover_style\":\"reset\"},\"children\":[{\"type\":\"grid_item\",\"props\":{\"content\":\"\n\n<h3 style=\\\"text-align: center;\\\"><strong>D\\u00c9COUVREZ <\\\/strong><strong>L'\\u0152NOGASTRONOMIE<\\\/strong><strong> DE LA VALL<\\\/strong><strong>\\u00c9E D'AOSTE<\\\/strong><\\\/h3>\\n\n\n<h5 style=\\\"text-align: center;\\\">TROIS NUITS \\u00c0 COGNE DANS UN H\\u00d4TEL \\u00c9COLOGIQUE, TUNNEL GRATUIT, CAVES GOURMANDES AVEC 40 VIGNERONS LOCAUX ET BEAUCOUP D'AUTRES ACTIVIT\\u00c9S<\\\/h5>\\n\n\n<h5 style=\\\"text-align: center;\\\"><strong>DU VENDREDI 6 AU LUNDI 9 JUIN 2025<\\\/strong><\\\/h5>\",\"image\":\"wp-content\\\/uploads\\\/2025\\\/04\\\/00019_CantineAperte2022_0-1.jpg\",\"link\":\"fr\\\/green-experiences\\\/cavesgourmandes-we\\\/\"}}]}]}]}]},{\"type\":\"section\",\"props\":{\"image_position\":\"center-center\",\"status\":\"disabled\",\"style\":\"default\",\"title_breakpoint\":\"xl\",\"title_position\":\"top-left\",\"title_rotation\":\"left\",\"vertical_align\":\"middle\",\"width\":\"default\"},\"children\":[{\"type\":\"row\",\"children\":[{\"type\":\"column\",\"props\":{\"image_position\":\"center-center\",\"position_sticky_breakpoint\":\"m\"},\"children\":[{\"type\":\"headline\",\"props\":{\"content\":\"<strong>S\\u00e9jours dans le Parc National du Grand Paradis\\u00a0<\\\/strong>\",\"text_align\":\"center\",\"title_element\":\"h1\"}},{\"type\":\"grid\",\"props\":{\"content_column_breakpoint\":\"m\",\"filter_align\":\"left\",\"filter_all\":true,\"filter_grid_breakpoint\":\"m\",\"filter_grid_width\":\"auto\",\"filter_position\":\"top\",\"filter_style\":\"tab\",\"grid_column_align\":true,\"grid_default\":\"1\",\"grid_divider\":true,\"grid_medium\":\"3\",\"icon_width\":80,\"image_align\":\"top\",\"image_grid_breakpoint\":\"m\",\"image_grid_width\":\"1-2\",\"image_height\":\"400\",\"image_svg_color\":\"emphasis\",\"image_width\":\"500\",\"item_animation\":true,\"lightbox_bg_close\":true,\"link_style\":\"default\",\"link_text\":\"En savoir plus\",\"margin\":\"default\",\"meta_align\":\"below-title\",\"meta_element\":\"div\",\"meta_style\":\"text-meta\",\"show_content\":true,\"show_hover_image\":true,\"show_hover_video\":true,\"show_image\":true,\"show_link\":true,\"show_meta\":true,\"show_title\":true,\"show_video\":true,\"title_align\":\"top\",\"title_element\":\"h3\",\"title_grid_breakpoint\":\"m\",\"title_grid_width\":\"1-2\",\"title_hover_style\":\"reset\"},\"children\":[{\"type\":\"grid_item\",\"props\":{\"content\":\"\n\n<h1 style=\\\"text-align: center;\\\"><strong>LAST MINUTE du SAMEDI SOIR<\\\/strong><\\\/h1>\\n\n\n<h4><\\\/h4>\\n\n\n<h4 style=\\\"text-align: center;\\\">Profitez d'une nuit dans le Parc National du Grand Paradis\\u00a0<\\\/h4>\\n\n\n<h5 style=\\\"text-align: center;\\\"><strong>Un samedi soir de neige, gastronomie et bien-\\u00eatre\\u00a0<\\\/strong><\\\/h5>\",\"image\":\"wp-content\\\/uploads\\\/2025\\\/01\\\/WhatsApp-Image-2025-01-08-at-22.51.43-11.jpeg\",\"link\":\"last-minute-samedi-soir\"}},{\"type\":\"grid_item\",\"props\":{\"content\":\"\n\n<h1 style=\\\"text-align: center;\\\"><strong>R\\u00caVE D'UNE NUIT\\u00a0<\\\/strong><\\\/h1>\\n\n\n<p><\\\/p>\\n\n\n<h4><\\\/h4>\\n\n\n<h4 style=\\\"text-align: center;\\\">R\\u00c9SERVE UNE NUIT sp\\u00e9ciale proche de chez toi<\\\/h4>\\n\n\n<p><\\\/p>\\n\n\n<h5 style=\\\"text-align: center;\\\"><strong>s\\u00e9jour \\u00e0 Cogne en semaine pendant le mois de janvier\\u00a0<\\\/strong><\\\/h5>\",\"image\":\"wp-content\\\/uploads\\\/2025\\\/01\\\/WhatsApp-Image-2025-01-08-at-20.49.33.jpeg\",\"link\":\"fr\\\/green-experiences\\\/reve-dune-nuit-janvier-2025\\\/\"}},{\"type\":\"grid_item\",\"props\":{\"content\":\"\n\n<h1 style=\\\"text-align: center;\\\"><strong>BIEN-\\u00caTRE DE MONTAGNE<\\\/strong><\\\/h1>\\n\n\n<h4 style=\\\"text-align: center;\\\">Weekend de d\\u00e9tente et bien-<span style=\\\"font-weight: 400;\\\">\\u00eatre en hiver \\u00e0 Cogne<\\\/span><\\\/h4>\\n\n\n<h5 style=\\\"text-align: center;\\\"><strong>S\\u00e9jour de deux nuits valide jusqu'au 23 mars 2025<\\\/strong><\\\/h5>\\n\n\n<p><\\\/p>\\n\n\n<p><\\\/p>\",\"image\":\"wp-content\\\/uploads\\\/2025\\\/02\\\/743577_gallery-inverno.jpg\",\"link\":\"fr\\\/green-experiences\\\/bien-etre-de-montagne\\\/\"}}]}]}]}]},{\"type\":\"section\",\"props\":{\"image_position\":\"center-center\",\"status\":\"disabled\",\"style\":\"default\",\"title_breakpoint\":\"xl\",\"title_position\":\"top-left\",\"title_rotation\":\"left\",\"vertical_align\":\"middle\",\"width\":\"default\"},\"children\":[{\"type\":\"row\",\"children\":[{\"type\":\"column\",\"props\":{\"image_position\":\"center-center\",\"position_sticky_breakpoint\":\"m\"},\"children\":[{\"type\":\"divider\",\"props\":{\"blend\":true,\"divider_element\":\"hr\",\"divider_style\":\"icon\"}}]}]}]},{\"type\":\"section\",\"props\":{\"image_position\":\"center-center\",\"padding_remove_top\":true,\"status\":\"disabled\",\"style\":\"default\",\"title_breakpoint\":\"xl\",\"title_position\":\"top-left\",\"title_rotation\":\"left\",\"vertical_align\":\"middle\",\"width\":\"default\"},\"children\":[{\"type\":\"row\",\"children\":[{\"type\":\"column\",\"props\":{\"image_position\":\"center-center\",\"position_sticky_breakpoint\":\"m\"},\"children\":[{\"type\":\"headline\",\"props\":{\"content\":\"Nos forfaits\",\"margin_remove_top\":true,\"text_align\":\"center\",\"title_element\":\"h2\",\"title_style\":\"heading-medium\"}},{\"type\":\"grid\",\"props\":{\"content_column_breakpoint\":\"m\",\"filter_align\":\"left\",\"filter_all\":true,\"filter_grid_breakpoint\":\"m\",\"filter_grid_width\":\"auto\",\"filter_position\":\"top\",\"filter_style\":\"tab\",\"grid_default\":\"1\",\"grid_medium\":\"3\",\"icon_width\":80,\"image_align\":\"top\",\"image_grid_breakpoint\":\"m\",\"image_grid_width\":\"1-2\",\"image_height\":300,\"image_svg_color\":\"emphasis\",\"image_width\":400,\"item_animation\":true,\"lightbox_bg_close\":true,\"link_fullwidth\":true,\"link_style\":\"primary\",\"link_text\":\"En savoir plus\",\"margin\":\"default\",\"meta_align\":\"below-title\",\"meta_element\":\"div\",\"meta_style\":\"text-meta\",\"show_content\":true,\"show_hover_image\":true,\"show_hover_video\":true,\"show_image\":true,\"show_link\":true,\"show_meta\":true,\"show_title\":true,\"show_video\":true,\"title_align\":\"top\",\"title_element\":\"h3\",\"title_grid_breakpoint\":\"m\",\"title_grid_width\":\"1-2\",\"title_hover_style\":\"reset\"},\"children\":[{\"type\":\"grid_item\",\"props\":{\"content\":\"\n\n<h3 style=\\\"text-align: center;\\\"><strong>DESALPE \\u00e0 COGNE DANS LE PARC NATIONAL DU GRAND PARADIS<\\\/strong><\\\/h3>\\n\n\n<h5 style=\\\"text-align: center;\\\">venez d\\u00e9couvrir LA DESCENTE DES TROUPEAUX DES ALPAGES ET PROFITEZ D'UN WEEK-END DE RELAX DANS UN HOTEL \\u00e9COLOGIQUE EN SUITE OU MINISUITE\\u00a0<\\\/h5>\\n\n\n<h5 style=\\\"text-align: center;\\\"><strong>PREMIER WEEK-END D'OCTOBRE 2025<\\\/strong><\\\/h5>\\n\n\n<p style=\\\"text-align: center;\\\">A partir de \\u20ac 395,00 par personne\\u00a0<\\\/p>\",\"image\":\"wp-content\\\/uploads\\\/2025\\\/09\\\/118_Deveteya2021_phPaolorey-scaled-1.jpg\",\"link\":\"fr\\\/green-experiences\\\/forfait-desalpe-2025\\\/\",\"status\":\"disabled\"}},{\"type\":\"grid_item\",\"props\":{\"content\":\"\n\n<h3 style=\\\"text-align: center;\\\"><strong>LE CHARME DE NO\\u00cbL en VALL\\u00c9E D'AOSTE<\\\/strong><\\\/h3>\\n\n\n<h5 style=\\\"text-align: center;\\\">Venez d\\u00e9couvrir le charmant march\\u00e9 de No\\u00ebl \\u00e0 Aoste, s\\u00e9journez pour une nuit au coeur des Alpes vald\\u00f4taines et d\\u00e9tendez-vous aux thermes de pr\\u00e9-saint-didier\\u00a0<\\\/h5>\\n\n\n<h5 style=\\\"text-align: center;\\\"><strong>DU 22 NOVEMBRE AU 23 D\\u00e9CEMBRE 2025<\\\/strong><\\\/h5>\\n\n\n<p style=\\\"text-align: center;\\\">\\u00c0\\u00a0partir de \\u20ac 279,00 pour deux personnes\\u00a0<\\\/p>\",\"image\":\"wp-content\\\/uploads\\\/2025\\\/11\\\/Mercatini-8.jpg\",\"link\":\"fr\\\/offerta-mercatini-natale\\\/\"}},{\"type\":\"grid_item\",\"props\":{\"content\":\"\n\n<h3 style=\\\"text-align: center;\\\"><strong>NO\\u00cbL EST TOUT PROCHE<\\\/strong><\\\/h3>\\n\n\n<h5 style=\\\"text-align: center;\\\">S\\u00e9journez dans le Parc National du Grand Paradis, visitez le march\\u00e9 de No\\u00ebl \\u00e0 Aoste et montez jusqu'\\u00e0 la toute nouvelle Stella de Pila pour y admirer une vue imprenable sur les alpes\\u00a0<\\\/h5>\\n\n\n<h5 style=\\\"text-align: center;\\\"><strong>UNE NUIT AU CHOIX, DU 19 AU 23 D\\u00e9CEMBRE 2025<\\\/strong><\\\/h5>\\n\n\n<p style=\\\"text-align: center;\\\">\\u00c0 partir de \\u20ac 150,00 par personne<\\\/p>\",\"image\":\"wp-content\\\/uploads\\\/2025\\\/02\\\/Laghetto-inverno-in-notturna-con-camoscio.jpg\",\"link\":\"fr\\\/forfait-noel\\\/\"}}]}]}]}]},{\"type\":\"section\",\"props\":{\"image_position\":\"center-center\",\"style\":\"default\",\"title_breakpoint\":\"xl\",\"title_position\":\"top-left\",\"title_rotation\":\"left\",\"vertical_align\":\"middle\",\"width\":\"default\"},\"children\":[{\"type\":\"row\",\"children\":[{\"type\":\"column\",\"props\":{\"image_position\":\"center-center\",\"position_sticky_breakpoint\":\"m\"},\"children\":[{\"type\":\"divider\",\"props\":{\"blend\":true,\"divider_element\":\"hr\",\"divider_style\":\"icon\"}}]}]}]},{\"name\":\"Routes\",\"type\":\"section\",\"props\":{\"class\":\"uk-section-overlap-flip\",\"css\":\"@media (min-width:960px) {\\n    \\n    .el-section + ::before { \\n    \\tz-index: 1;\\n    \\ttop: 70px;\\n\\t}\\n    \\n}\\n\\n@media (max-width:960px) {\\n    \\n\\t.el-section + ::before { \\n   \\t\\tz-index:1;\\n    \\ttop: 40px;\\n\\t}\\n    \\n}\",\"image_position\":\"bottom-center\",\"image_width\":\"2650\",\"overlap\":true,\"padding\":\"small\",\"padding_remove_top\":false,\"style\":\"default\",\"title_breakpoint\":\"xl\",\"title_position\":\"top-left\",\"title_rotation\":\"left\",\"vertical_align\":\"\",\"width\":\"\"},\"children\":[{\"type\":\"row\",\"props\":{\"divider\":false,\"margin\":\"default\",\"margin_remove_bottom\":true},\"children\":[{\"type\":\"column\",\"props\":{\"css\":\".el-column { z-index: 99; }\",\"image_position\":\"center-center\",\"position_sticky_breakpoint\":\"m\",\"width_medium\":\"1-1\"},\"children\":[{\"type\":\"headline\",\"props\":{\"content\":\"Nos destinations green\",\"text_align\":\"center\",\"title_color\":\"emphasis\",\"title_element\":\"div\",\"title_style\":\"h4\"}},{\"type\":\"headline\",\"props\":{\"content\":\"D\\u00e9couvrez la Vall\\u00e9e d'Aoste\",\"margin\":\"large\",\"margin_remove_bottom\":false,\"margin_remove_top\":true,\"text_align\":\"center\",\"title_color\":\"primary\",\"title_element\":\"h2\",\"title_style\":\"heading-large\"}}]}]}]},{\"name\":\"Slider\",\"type\":\"section\",\"props\":{\"image_position\":\"center-center\",\"style\":\"default\",\"title_breakpoint\":\"xl\",\"title_position\":\"top-left\",\"title_rotation\":\"left\",\"vertical_align\":\"\",\"width\":\"\"},\"children\":[{\"type\":\"row\",\"props\":{\"column_gap\":\"collapse\",\"margin\":\"remove-vertical\",\"margin_remove_top\":false,\"row_gap\":\"collapse\"},\"children\":[{\"type\":\"column\",\"props\":{\"image_position\":\"center-center\",\"position_sticky_breakpoint\":\"m\",\"width_medium\":\"1-1\"},\"children\":[{\"type\":\"overlay-slider\",\"props\":{\"image_width\":\"855\",\"link_style\":\"default\",\"link_text\":\"\",\"margin\":\"default\",\"margin_remove_top\":true,\"meta_align\":\"below-title\",\"meta_element\":\"div\",\"meta_style\":\"text-meta\",\"nav\":\"dotnav\",\"nav_align\":\"center\",\"nav_below\":true,\"nav_breakpoint\":\"s\",\"nav_position\":\"bottom-center\",\"nav_position_margin\":\"medium\",\"overlay_link\":true,\"overlay_mode\":\"cover\",\"overlay_position\":\"center\",\"overlay_transition\":\"fade\",\"parallax_zindex\":false,\"show_content\":true,\"show_hover_image\":true,\"show_hover_video\":true,\"show_link\":true,\"show_meta\":true,\"show_title\":true,\"slidenav\":\"default\",\"slidenav_breakpoint\":\"s\",\"slidenav_hover\":false,\"slidenav_large\":false,\"slidenav_margin\":\"\",\"slidenav_outside_breakpoint\":\"xl\",\"slider_autoplay\":true,\"slider_autoplay_pause\":true,\"slider_center\":false,\"slider_finite\":false,\"slider_gap\":\"\",\"slider_sets\":false,\"slider_width\":\"fixed\",\"slider_width_default\":\"1-1\",\"slider_width_large\":\"1-4\",\"slider_width_medium\":\"\",\"slider_width_small\":\"1-2\",\"text_align\":\"center\",\"title_element\":\"div\",\"title_hover_style\":\"reset\",\"title_style\":\"h3\"},\"children\":[{\"type\":\"overlay-slider_item\",\"props\":{\"content\":\"\",\"image\":\"wp-content\\\/uploads\\\/2021\\\/08\\\/courmayeur-1.jpg\",\"link\":\"fr\\\/valle-daosta\\\/courmayeur\\\/\",\"text_color\":\"light\",\"title\":\"Courmayeur\"}},{\"type\":\"overlay-slider_item\",\"props\":{\"content\":\"\",\"image\":\"wp-content\\\/uploads\\\/2021\\\/08\\\/cervinia-1.jpg\",\"link\":\"fr\\\/valle-daosta\\\/cervinia\\\/\",\"text_color\":\"light\",\"title\":\"Cervinia\"}},{\"type\":\"overlay-slider_item\",\"props\":{\"content\":\"\",\"image\":\"wp-content\\\/uploads\\\/2022\\\/01\\\/gressoney-quadrata.jpg\",\"link\":\"fr\\\/valle-daosta\\\/gressoney\\\/\",\"text_color\":\"light\",\"title\":\"Gressoney\"}},{\"type\":\"overlay-slider_item\",\"props\":{\"content\":\"\",\"image\":\"wp-content\\\/uploads\\\/2022\\\/01\\\/champoluc-quadrata-1.jpg\",\"link\":\"fr\\\/valle-daosta\\\/champoluc\\\/\",\"text_color\":\"light\",\"title\":\"Champoluc\"}},{\"type\":\"overlay-slider_item\",\"props\":{\"content\":\"\",\"image\":\"wp-content\\\/uploads\\\/2022\\\/01\\\/Cogne-quadrata.jpg\",\"link\":\"fr\\\/valle-daosta\\\/cogne\\\/\",\"text_color\":\"light\",\"title\":\"Cogne\"}},{\"type\":\"overlay-slider_item\",\"props\":{\"content\":\"\",\"image\":\"wp-content\\\/uploads\\\/2021\\\/08\\\/aosta.jpg\",\"link\":\"fr\\\/valle-daosta\\\/aosta\\\/\",\"text_color\":\"light\",\"title\":\"Aosta\"}},{\"type\":\"overlay-slider_item\",\"props\":{\"content\":\"\",\"image\":\"wp-content\\\/uploads\\\/2022\\\/01\\\/Casino-quadrata.jpg\",\"link\":\"fr\\\/valle-daosta\\\/saint-vincent\\\/\",\"text_color\":\"light\",\"title\":\"Saint-Vincent\"}}]}]}]}]},{\"name\":\"Journal\",\"type\":\"section\",\"props\":{\"image\":\"wp-content\\\/uploads\\\/2021\\\/08\\\/heroSfumatoVda.jpg\",\"image_effect\":\"parallax\",\"image_parallax_bgy\":\"0,-60\",\"image_parallax_easing\":\"1\",\"image_position\":\"top-center\",\"image_size\":\"cover\",\"image_width\":\"2560\",\"media_overlay_gradient\":\"linear-gradient(rgba(255,255,255,1) 0%, rgba(255,255,255,0) 10%),  linear-gradient( rgba(255,255,255,0) 40%, rgba(255,255,255,1) 96%)\",\"overlap\":true,\"padding\":\"small\",\"padding_remove_top\":false,\"style\":\"default\",\"title_breakpoint\":\"xl\",\"title_position\":\"top-left\",\"title_rotation\":\"left\",\"vertical_align\":\"\",\"width\":\"xlarge\"},\"children\":[{\"type\":\"row\",\"children\":[{\"type\":\"column\",\"props\":{\"image_position\":\"center-center\",\"position_sticky_breakpoint\":\"m\"},\"children\":[{\"type\":\"headline\",\"props\":{\"content\":\"\n\n<p>Pour vos vacances en Vall\\u00e9e d\\u2019Aoste, <br \\\/>faites-nous confiance<\\\/p>\",\"margin_remove_bottom\":false,\"margin_remove_top\":true,\"text_align\":\"center\",\"title_color\":\"primary\",\"title_element\":\"h2\",\"title_style\":\"heading-medium\"}},{\"type\":\"grid\",\"props\":{\"content_column_breakpoint\":\"m\",\"filter_align\":\"left\",\"filter_all\":true,\"filter_grid_breakpoint\":\"m\",\"filter_grid_width\":\"auto\",\"filter_position\":\"top\",\"filter_style\":\"tab\",\"grid_column_gap\":\"small\",\"grid_default\":\"1\",\"grid_large\":\"4\",\"grid_medium\":\"2\",\"icon_width\":80,\"image_align\":\"top\",\"image_grid_breakpoint\":\"m\",\"image_grid_width\":\"1-2\",\"image_svg_color\":\"emphasis\",\"item_animation\":true,\"lightbox_bg_close\":true,\"link_style\":\"default\",\"link_text\":\"En savoir plus\",\"margin\":\"default\",\"meta_align\":\"below-title\",\"meta_element\":\"div\",\"meta_style\":\"text-meta\",\"panel_image_no_padding\":true,\"panel_link\":true,\"panel_link_hover\":\"true\",\"panel_padding\":\"small\",\"panel_style\":\"card-default\",\"parallax_easing\":\"1\",\"show_content\":false,\"show_hover_image\":true,\"show_hover_video\":true,\"show_image\":true,\"show_link\":true,\"show_meta\":false,\"show_title\":true,\"show_video\":true,\"title_align\":\"top\",\"title_color\":\"primary\",\"title_element\":\"h3\",\"title_grid_breakpoint\":\"m\",\"title_grid_width\":\"1-2\",\"title_hover_style\":\"reset\",\"title_style\":\"h5\"},\"children\":[{\"type\":\"grid_item\",\"props\":{\"image\":\"wp-content\\\/uploads\\\/2021\\\/08\\\/hotelGreenValledAosta.jpg\",\"link\":\"fr\\\/ou-dormir\\\/\",\"title\":\"H\\u00f4tels, r\\u00e9sidences et chambres d\\u2019h\\u00f4tes \\u00e9co-durables\"}},{\"type\":\"grid_item\",\"props\":{\"image\":\"wp-content\\\/uploads\\\/2021\\\/08\\\/ristorantiKmzero.jpg\",\"link\":\"fr\\\/ristoranti-a-km-0\\\/\",\"title\":\"Restaurants\\u00a0o\\u00f9 manger local\"}},{\"type\":\"grid_item\",\"props\":{\"image\":\"wp-content\\\/uploads\\\/2021\\\/08\\\/esperienzeGreenVda.jpg\",\"link\":\"fr\\\/maison-agricoles\\\/\",\"title\":\"Maisons agricoles\"}},{\"type\":\"grid_item\",\"props\":{\"image\":\"wp-content\\\/uploads\\\/2021\\\/08\\\/frecciarossa-sapri.jpg\",\"link\":\"fr\\\/mobilite-durable\\\/\",\"title\":\"Mobilit\\u00e9 durable\"}},{\"type\":\"grid_item\",\"props\":{\"image\":\"wp-content\\\/uploads\\\/2021\\\/08\\\/noleggioAutoElettricheVda.jpg\",\"link\":\"fr\\\/mobilite-durable\\\/location-green-bmw-i3-electriques\\\/\",\"title\":\"Location voitures \\u00e9lectriques\"}},{\"type\":\"grid_item\",\"props\":{\"image\":\"wp-content\\\/uploads\\\/2021\\\/08\\\/attivitaOutdoorGreen.jpg\",\"link\":\"fr\\\/green-experiences\\\/\",\"title\":\"Exp\\u00e9riences Green \"}},{\"type\":\"grid_item\",\"props\":{\"image\":\"wp-content\\\/uploads\\\/2021\\\/08\\\/itinerariGreen.jpg\",\"link\":\"fr\\\/itineraires-green\\\/\",\"title\":\"Itin\\u00e9raires Green\"}},{\"type\":\"grid_item\",\"props\":{\"image\":\"wp-content\\\/uploads\\\/2021\\\/08\\\/emissioniCo2.jpg\",\"link\":\"fr\\\/programme-de-compensation\\\/\",\"meta\":\"\",\"title\":\"Compensez les \\u00e9missions\"}}]}]}],\"props\":{\"width\":\"default\"}}]},{\"type\":\"section\",\"props\":{\"image_position\":\"center-center\",\"style\":\"default\",\"title_breakpoint\":\"xl\",\"title_position\":\"top-left\",\"title_rotation\":\"left\",\"vertical_align\":\"\",\"width\":\"default\"},\"children\":[{\"type\":\"row\",\"children\":[{\"type\":\"column\",\"props\":{\"image_position\":\"center-center\",\"position_sticky_breakpoint\":\"m\"},\"children\":[{\"type\":\"headline\",\"props\":{\"content\":\"Un r\\u00eave durable\",\"text_align\":\"center\",\"title_element\":\"h2\",\"title_style\":\"heading-medium\"}},{\"type\":\"text\",\"props\":{\"column_breakpoint\":\"m\",\"content\":\"\n\n<p><strong>Green Vall\\u00e9e d\\u2019Aoste<\\\/strong> est un projet n\\u00e9 de l\\u2019id\\u00e9e d\\u2019impliquer les touristes dans un parcours vertueux qui fait de la mobilit\\u00e9 durable la meilleure fa\\u00e7on pour visiter la Vall\\u00e9e d\\u2019Aoste, en les stimulant \\u00e0 d\\u00e9couvrir le territoire vald\\u00f4tain dans toute son authenticit\\u00e9. <strong>Green Vall\\u00e9e d\\u2019Aoste<\\\/strong> est un voyagiste et un r\\u00e9seau d\\u2019entreprises constitu\\u00e9 par Alpine Green Experience, qui loue des voitures \\u00e9lectriques, ainsi que par sept exploitations agricoles et maisons d\\u2019artisanat locales, qui repr\\u00e9sentent \\u00e0 la perfection la <strong>culture et la tradition de l\\u2019endroit en termes de gastronomie et d\\u2019\\u0153nologie.<\\\/strong><\\\/p>\\n\n\n<p style=\\\"text-align: left;\\\"><em>Fonds europ\\u00e9en agricole pour le d\\u00e9veloppement rural<\\\/em> : l\\u2019Europe investit dans les zones rurales. Le r\\u00e9seau d\\u2019entreprises Green Vall\\u00e9e d\\u2019Aoste a b\\u00e9n\\u00e9fici\\u00e9 des aides pr\\u00e9vues par le Programme de d\\u00e9veloppement rural de la Vall\\u00e9e d\\u2019Aoste 2014\\\/2020. <em>Autorit\\u00e9 de gestion<\\\/em> : R\\u00e9gion autonome Vall\\u00e9e d\\u2019Aoste, Assessorat de l\\u2019agriculture et des ressources naturelles, structure politiques r\\u00e9gionales de d\\u00e9veloppement rural. <em>Sujet responsable de l\\u2019information<\\\/em>: Green Vall\\u00e9e D\\u2019Aoste<\\\/p>\",\"margin\":\"default\"}},{\"type\":\"image\",\"props\":{\"image\":\"wp-content\\\/uploads\\\/2021\\\/08\\\/loghi_fondo-europeo.jpg\",\"image_svg_color\":\"emphasis\",\"margin\":\"default\"}}]}]}],\"name\":\"Un Sogno Green\"},{\"type\":\"section\",\"props\":{\"image_position\":\"center-center\",\"style\":\"default\",\"title_breakpoint\":\"xl\",\"title_position\":\"top-left\",\"title_rotation\":\"left\",\"vertical_align\":\"\",\"width\":\"default\"},\"children\":[{\"type\":\"row\",\"children\":[{\"type\":\"column\",\"props\":{\"image_position\":\"center-center\",\"position_sticky_breakpoint\":\"m\"},\"children\":[{\"type\":\"headline\",\"props\":{\"content\":\"Notre partenaire pour la production de l'\\u00e9n\\u00e9rgie renouvelable\",\"text_align\":\"center\",\"title_color\":\"primary\",\"title_element\":\"h3\",\"title_style\":\"h3\"}},{\"type\":\"image\",\"props\":{\"image\":\"wp-content\\\/uploads\\\/2021\\\/08\\\/bannerCvs.jpg\",\"image_svg_color\":\"emphasis\",\"margin\":\"default\",\"text_align\":\"center\"}}]}]}],\"name\":\"CVA\"}],\"version\":\"4.5.24\",\"yooessentialsVersion\":\"2.4.4\"} --><\/p>\n","protected":false},"excerpt":{"rendered":"<p>. Toute l&rsquo;authenticit\u00e9 de la Vall\u00e9e d\u2019Aoste: culture, terroir, \u0153nologie, gastronomie et durabilit\u00e9 Green Vall\u00e9e d&rsquo;Aoste Contactez-nous pour organiser vos vacances Nous sommes un groupe de vald\u00f4tains et d&rsquo;amoureux de la Vall\u00e9e qui souhaitent mettre leur exp\u00e9rience \u00e0 votre disposition. Avec notre tour op\u00e9rateur et agence de voyage, on peut organiser avec vous et de [&hellip;]<\/p>\n","protected":false},"author":1,"featured_media":0,"parent":0,"menu_order":0,"comment_status":"closed","ping_status":"closed","template":"","meta":{"_seopress_robots_primary_cat":"","_seopress_titles_title":"Home page | Experience Vall\u00e9e d'Aoste","_seopress_titles_desc":"Green Vall\u00e9e d'Aoste, vacances et exp\u00e9riences personnalis\u00e9es en montagne. Toute l'authenticit\u00e9 de la Vall\u00e9e d'Aoste entre culture, terroir, oenogastronomie et durabilit\u00e9.","_seopress_robots_index":"","footnotes":""},"class_list":["post-2419","page","type-page","status-publish","hentry"],"_links":{"self":[{"href":"https:\/\/www.greenvda.com\/fr\/wp-json\/wp\/v2\/pages\/2419","targetHints":{"allow":["GET"]}}],"collection":[{"href":"https:\/\/www.greenvda.com\/fr\/wp-json\/wp\/v2\/pages"}],"about":[{"href":"https:\/\/www.greenvda.com\/fr\/wp-json\/wp\/v2\/types\/page"}],"author":[{"embeddable":true,"href":"https:\/\/www.greenvda.com\/fr\/wp-json\/wp\/v2\/users\/1"}],"replies":[{"embeddable":true,"href":"https:\/\/www.greenvda.com\/fr\/wp-json\/wp\/v2\/comments?post=2419"}],"version-history":[{"count":142,"href":"https:\/\/www.greenvda.com\/fr\/wp-json\/wp\/v2\/pages\/2419\/revisions"}],"predecessor-version":[{"id":8024,"href":"https:\/\/www.greenvda.com\/fr\/wp-json\/wp\/v2\/pages\/2419\/revisions\/8024"}],"wp:attachment":[{"href":"https:\/\/www.greenvda.com\/fr\/wp-json\/wp\/v2\/media?parent=2419"}],"curies":[{"name":"wp","href":"https:\/\/api.w.org\/{rel}","templated":true}]}}